{"id":14030,"date":"2025-06-03T09:30:49","date_gmt":"2025-06-03T07:30:49","guid":{"rendered":"https:\/\/www.galerie.litomysl.cz\/event\/mode-fuer-die-galerie\/"},"modified":"2025-06-03T09:30:49","modified_gmt":"2025-06-03T07:30:49","slug":"mode-fuer-die-galerie","status":"publish","type":"tribe_events","link":"https:\/\/www.galerie.litomysl.cz\/de\/event\/mode-fuer-die-galerie\/","title":{"rendered":"Mode f\u00fcr die Galerie"},"content":{"rendered":"<p>Der Fr\u00fchling steht vor der T\u00fcr und Sie m\u00fcssen Ihre Garderobe ausl\u00fcften und neu best\u00fccken! Deshalb veranstalten wir am Samstag, den 12. April um 9:00 Uhr einen Wohlt\u00e4tigkeitsbasar. Der Erl\u00f6s wird uns helfen, eine neue Fenstergalerie in der Magdalena Dobromila Rettigov\u00e1 Stra\u00dfe zu bauen. Vielen Dank an das Studio #na_yogu_litomysl f\u00fcr die tolle Idee und Unterst\u00fctzung.<br \/>\nDer Wohlt\u00e4tigkeitsbasar findet im B\u00fcro der St\u00e4dtischen Galerie statt (156 Toulovcovo nam., 1. Stock).   <\/p>\n<p>Wenn Sie ein paar coole Kleidungsst\u00fccke spenden m\u00f6chten, die Sie nicht mehr brauchen, w\u00fcrden wir uns freuen, von Ihnen zu h\u00f6ren! Sie k\u00f6nnen Ihre \u00fcbersch\u00fcssigen Kleidungsst\u00fccke bis Freitag, den 11. April 2025, in unserem B\u00fcro abgeben.<br \/>\nWeitere Informationen \u00fcber die kommende Fenstergalerie finden Sie unter https:\/\/www.galerie.litomysl.cz\/&#8230;\/nas-novy-projekt&#8230;\/  <\/p>\n","protected":false},"excerpt":{"rendered":"<p>Wohlt\u00e4tigkeitsbasar f\u00fcr Kleidung und Accessoires im B\u00fcro der St\u00e4dtischen Galerie Litomy\u0161l, Toulovcovo n\u00e1m. 156 (1. Stock). <\/p>\n","protected":false},"author":8,"featured_media":0,"comment_status":"closed","ping_status":"closed","template":"","meta":{"inline_featured_image":false,"_tribe_events_status":"","_tribe_events_status_reason":"","footnotes":""},"tags":[],"tribe_events_cat":[118],"acf":[],"yoast_head":"<!-- This site is optimized with the Yoast SEO plugin v21.4 - https:\/\/yoast.com\/wordpress\/plugins\/seo\/ -->\n<title>Mode f\u00fcr die Galerie - M\u011bstsk\u00e1 galerie Litomy\u0161l<\/title>\n<meta name=\"description\" content=\"Wohlt\u00e4tigkeitsbasar mit Kleidung und Accessoires. Der Erl\u00f6s ist f\u00fcr den Bau der Fenstergalerie in der Magdalena Dobromila Rettigova Stra\u00dfe bestimmt.\" \/>\n<meta name=\"robots\" content=\"index, follow, max-snippet:-1, max-image-preview:large, max-video-preview:-1\" \/>\n<link rel=\"canonical\" href=\"https:\/\/www.galerie.litomysl.cz\/de\/event\/mode-fuer-die-galerie\/\" \/>\n<meta property=\"og:locale\" content=\"de_DE\" \/>\n<meta property=\"og:type\" content=\"article\" \/>\n<meta property=\"og:title\" content=\"Mode f\u00fcr die Galerie - M\u011bstsk\u00e1 galerie Litomy\u0161l\" \/>\n<meta property=\"og:description\" content=\"Wohlt\u00e4tigkeitsbasar mit Kleidung und Accessoires. Der Erl\u00f6s ist f\u00fcr den Bau der Fenstergalerie in der Magdalena Dobromila Rettigova Stra\u00dfe bestimmt.\" \/>\n<meta property=\"og:url\" content=\"https:\/\/www.galerie.litomysl.cz\/de\/event\/mode-fuer-die-galerie\/\" \/>\n<meta property=\"og:site_name\" content=\"M\u011bstsk\u00e1 galerie Litomy\u0161l\" \/>\n<meta name=\"twitter:card\" content=\"summary_large_image\" \/>\n<meta name=\"twitter:label1\" content=\"Gesch\u00e4tzte Lesezeit\" \/>\n\t<meta name=\"twitter:data1\" content=\"1\u00a0Minute\" \/>\n<script type=\"application\/ld+json\" class=\"yoast-schema-graph\">{\"@context\":\"https:\/\/schema.org\",\"@graph\":[{\"@type\":\"WebPage\",\"@id\":\"https:\/\/www.galerie.litomysl.cz\/de\/event\/mode-fuer-die-galerie\/\",\"url\":\"https:\/\/www.galerie.litomysl.cz\/de\/event\/mode-fuer-die-galerie\/\",\"name\":\"Mode f\u00fcr die Galerie - M\u011bstsk\u00e1 galerie Litomy\u0161l\",\"isPartOf\":{\"@id\":\"https:\/\/www.galerie.litomysl.cz\/#website\"},\"datePublished\":\"2025-06-03T07:30:49+00:00\",\"dateModified\":\"2025-06-03T07:30:49+00:00\",\"description\":\"Wohlt\u00e4tigkeitsbasar mit Kleidung und Accessoires. Der Erl\u00f6s ist f\u00fcr den Bau der Fenstergalerie in der Magdalena Dobromila Rettigova Stra\u00dfe bestimmt.\",\"breadcrumb\":{\"@id\":\"https:\/\/www.galerie.litomysl.cz\/de\/event\/mode-fuer-die-galerie\/#breadcrumb\"},\"inLanguage\":\"de\",\"potentialAction\":[{\"@type\":\"ReadAction\",\"target\":[\"https:\/\/www.galerie.litomysl.cz\/de\/event\/mode-fuer-die-galerie\/\"]}]},{\"@type\":\"BreadcrumbList\",\"@id\":\"https:\/\/www.galerie.litomysl.cz\/de\/event\/mode-fuer-die-galerie\/#breadcrumb\",\"itemListElement\":[{\"@type\":\"ListItem\",\"position\":1,\"name\":\"Dom\u016f\",\"item\":\"https:\/\/www.galerie.litomysl.cz\/de\/\"},{\"@type\":\"ListItem\",\"position\":2,\"name\":\"Akce\",\"item\":\"https:\/\/www.galerie.litomysl.cz\/events\/\"},{\"@type\":\"ListItem\",\"position\":3,\"name\":\"Mode f\u00fcr die Galerie\"}]},{\"@type\":\"WebSite\",\"@id\":\"https:\/\/www.galerie.litomysl.cz\/#website\",\"url\":\"https:\/\/www.galerie.litomysl.cz\/\",\"name\":\"M\u011bstsk\u00e1 galerie Litomy\u0161l\",\"description\":\"\",\"publisher\":{\"@id\":\"https:\/\/www.galerie.litomysl.cz\/#organization\"},\"potentialAction\":[{\"@type\":\"SearchAction\",\"target\":{\"@type\":\"EntryPoint\",\"urlTemplate\":\"https:\/\/www.galerie.litomysl.cz\/?s={search_term_string}\"},\"query-input\":\"required name=search_term_string\"}],\"inLanguage\":\"de\"},{\"@type\":\"Organization\",\"@id\":\"https:\/\/www.galerie.litomysl.cz\/#organization\",\"name\":\"M\u011bstsk\u00e1 galerie Litomy\u0161l\",\"url\":\"https:\/\/www.galerie.litomysl.cz\/\",\"logo\":{\"@type\":\"ImageObject\",\"inLanguage\":\"de\",\"@id\":\"https:\/\/www.galerie.litomysl.cz\/#\/schema\/logo\/image\/\",\"url\":\"https:\/\/www.galerie.litomysl.cz\/wp-content\/uploads\/MGL-logo-c..svg\",\"contentUrl\":\"https:\/\/www.galerie.litomysl.cz\/wp-content\/uploads\/MGL-logo-c..svg\",\"width\":212,\"height\":136,\"caption\":\"M\u011bstsk\u00e1 galerie Litomy\u0161l\"},\"image\":{\"@id\":\"https:\/\/www.galerie.litomysl.cz\/#\/schema\/logo\/image\/\"}}]}<\/script>\n<!-- \/ Yoast SEO plugin. -->","yoast_head_json":{"title":"Mode f\u00fcr die Galerie - M\u011bstsk\u00e1 galerie Litomy\u0161l","description":"Wohlt\u00e4tigkeitsbasar mit Kleidung und Accessoires. Der Erl\u00f6s ist f\u00fcr den Bau der Fenstergalerie in der Magdalena Dobromila Rettigova Stra\u00dfe bestimmt.","robots":{"index":"index","follow":"follow","max-snippet":"max-snippet:-1","max-image-preview":"max-image-preview:large","max-video-preview":"max-video-preview:-1"},"canonical":"https:\/\/www.galerie.litomysl.cz\/de\/event\/mode-fuer-die-galerie\/","og_locale":"de_DE","og_type":"article","og_title":"Mode f\u00fcr die Galerie - M\u011bstsk\u00e1 galerie Litomy\u0161l","og_description":"Wohlt\u00e4tigkeitsbasar mit Kleidung und Accessoires. Der Erl\u00f6s ist f\u00fcr den Bau der Fenstergalerie in der Magdalena Dobromila Rettigova Stra\u00dfe bestimmt.","og_url":"https:\/\/www.galerie.litomysl.cz\/de\/event\/mode-fuer-die-galerie\/","og_site_name":"M\u011bstsk\u00e1 galerie Litomy\u0161l","twitter_card":"summary_large_image","twitter_misc":{"Gesch\u00e4tzte Lesezeit":"1\u00a0Minute"},"schema":{"@context":"https:\/\/schema.org","@graph":[{"@type":"WebPage","@id":"https:\/\/www.galerie.litomysl.cz\/de\/event\/mode-fuer-die-galerie\/","url":"https:\/\/www.galerie.litomysl.cz\/de\/event\/mode-fuer-die-galerie\/","name":"Mode f\u00fcr die Galerie - M\u011bstsk\u00e1 galerie Litomy\u0161l","isPartOf":{"@id":"https:\/\/www.galerie.litomysl.cz\/#website"},"datePublished":"2025-06-03T07:30:49+00:00","dateModified":"2025-06-03T07:30:49+00:00","description":"Wohlt\u00e4tigkeitsbasar mit Kleidung und Accessoires. Der Erl\u00f6s ist f\u00fcr den Bau der Fenstergalerie in der Magdalena Dobromila Rettigova Stra\u00dfe bestimmt.","breadcrumb":{"@id":"https:\/\/www.galerie.litomysl.cz\/de\/event\/mode-fuer-die-galerie\/#breadcrumb"},"inLanguage":"de","potentialAction":[{"@type":"ReadAction","target":["https:\/\/www.galerie.litomysl.cz\/de\/event\/mode-fuer-die-galerie\/"]}]},{"@type":"BreadcrumbList","@id":"https:\/\/www.galerie.litomysl.cz\/de\/event\/mode-fuer-die-galerie\/#breadcrumb","itemListElement":[{"@type":"ListItem","position":1,"name":"Dom\u016f","item":"https:\/\/www.galerie.litomysl.cz\/de\/"},{"@type":"ListItem","position":2,"name":"Akce","item":"https:\/\/www.galerie.litomysl.cz\/events\/"},{"@type":"ListItem","position":3,"name":"Mode f\u00fcr die Galerie"}]},{"@type":"WebSite","@id":"https:\/\/www.galerie.litomysl.cz\/#website","url":"https:\/\/www.galerie.litomysl.cz\/","name":"M\u011bstsk\u00e1 galerie Litomy\u0161l","description":"","publisher":{"@id":"https:\/\/www.galerie.litomysl.cz\/#organization"},"potentialAction":[{"@type":"SearchAction","target":{"@type":"EntryPoint","urlTemplate":"https:\/\/www.galerie.litomysl.cz\/?s={search_term_string}"},"query-input":"required name=search_term_string"}],"inLanguage":"de"},{"@type":"Organization","@id":"https:\/\/www.galerie.litomysl.cz\/#organization","name":"M\u011bstsk\u00e1 galerie Litomy\u0161l","url":"https:\/\/www.galerie.litomysl.cz\/","logo":{"@type":"ImageObject","inLanguage":"de","@id":"https:\/\/www.galerie.litomysl.cz\/#\/schema\/logo\/image\/","url":"https:\/\/www.galerie.litomysl.cz\/wp-content\/uploads\/MGL-logo-c..svg","contentUrl":"https:\/\/www.galerie.litomysl.cz\/wp-content\/uploads\/MGL-logo-c..svg","width":212,"height":136,"caption":"M\u011bstsk\u00e1 galerie Litomy\u0161l"},"image":{"@id":"https:\/\/www.galerie.litomysl.cz\/#\/schema\/logo\/image\/"}}]}},"_links":{"self":[{"href":"https:\/\/www.galerie.litomysl.cz\/de\/wp-json\/wp\/v2\/tribe_events\/14030"}],"collection":[{"href":"https:\/\/www.galerie.litomysl.cz\/de\/wp-json\/wp\/v2\/tribe_events"}],"about":[{"href":"https:\/\/www.galerie.litomysl.cz\/de\/wp-json\/wp\/v2\/types\/tribe_events"}],"author":[{"embeddable":true,"href":"https:\/\/www.galerie.litomysl.cz\/de\/wp-json\/wp\/v2\/users\/8"}],"replies":[{"embeddable":true,"href":"https:\/\/www.galerie.litomysl.cz\/de\/wp-json\/wp\/v2\/comments?post=14030"}],"version-history":[{"count":0,"href":"https:\/\/www.galerie.litomysl.cz\/de\/wp-json\/wp\/v2\/tribe_events\/14030\/revisions"}],"wp:attachment":[{"href":"https:\/\/www.galerie.litomysl.cz\/de\/wp-json\/wp\/v2\/media?parent=14030"}],"wp:term":[{"taxonomy":"post_tag","embeddable":true,"href":"https:\/\/www.galerie.litomysl.cz\/de\/wp-json\/wp\/v2\/tags?post=14030"},{"taxonomy":"tribe_events_cat","embeddable":true,"href":"https:\/\/www.galerie.litomysl.cz\/de\/wp-json\/wp\/v2\/tribe_events_cat?post=14030"}],"curies":[{"name":"wp","href":"https:\/\/api.w.org\/{rel}","templated":true}]}}