{"id":14024,"date":"2025-06-02T11:57:23","date_gmt":"2025-06-02T09:57:23","guid":{"rendered":"https:\/\/www.galerie.litomysl.cz\/event\/europaeisches-fruehstueck\/"},"modified":"2025-06-02T11:57:23","modified_gmt":"2025-06-02T09:57:23","slug":"europaeisches-fruehstueck","status":"publish","type":"tribe_events","link":"https:\/\/www.galerie.litomysl.cz\/de\/event\/europaeisches-fruehstueck\/","title":{"rendered":"Europ\u00e4isches Fr\u00fchst\u00fcck"},"content":{"rendered":"<div>\n<div>\n<div>\n<p>Freuen wir uns gemeinsam \u00fcber die M\u00f6glichkeiten, die uns die Europ\u00e4ische Union bietet. Kochen, backen, bereiten Sie Gerichte oder Getr\u00e4nke aus den europ\u00e4ischen L\u00e4ndern zu, die Ihnen gefallen, und kommen Sie, um sie mit Ihren Nachbarn zu teilen und die musikalischen Darbietungen zu genie\u00dfen. Oder kommen Sie einfach auf einen Kaffee, einen Hot Dog und etwas Gutes vorbei. Alle sind willkommen, auch diejenigen, die kein eigenes Geschirr mitbringen! Wir sehen uns beim Europ\u00e4ischen Fr\u00fchst\u00fcck, dieses Mal unter den Arkaden des Rathausturms!    <\/p>\n<\/div>\n<div>\n<p>Veranstalter: die St\u00e4dtische Galerie Litomy\u0161l und der Verein Generation 89.<\/p>\n<p>Veranstaltungsort: unter dem Rathausturm.<\/p>\n<\/div>\n<\/div>\n<\/div>\n","protected":false},"excerpt":{"rendered":"<p>Ein nachbarschaftlicher Vormittag mit gutem Essen zur Feier der Werte der Europ\u00e4ischen Union.<\/p>\n","protected":false},"author":8,"featured_media":0,"comment_status":"closed","ping_status":"closed","template":"","meta":{"inline_featured_image":false,"_tribe_events_status":"","_tribe_events_status_reason":"","footnotes":""},"tags":[],"tribe_events_cat":[117],"acf":[],"yoast_head":"<!-- This site is optimized with the Yoast SEO plugin v21.4 - https:\/\/yoast.com\/wordpress\/plugins\/seo\/ -->\n<title>Europ\u00e4isches Fr\u00fchst\u00fcck - M\u011bstsk\u00e1 galerie Litomy\u0161l<\/title>\n<meta name=\"description\" content=\"Ein nachbarschaftlicher Vormittag mit gutem Essen zur Feier der Werte der Europ\u00e4ischen Union.\" \/>\n<meta name=\"robots\" content=\"index, follow, max-snippet:-1, max-image-preview:large, max-video-preview:-1\" \/>\n<link rel=\"canonical\" href=\"https:\/\/www.galerie.litomysl.cz\/de\/event\/europaeisches-fruehstueck\/\" \/>\n<meta property=\"og:locale\" content=\"de_DE\" \/>\n<meta property=\"og:type\" content=\"article\" \/>\n<meta property=\"og:title\" content=\"Europ\u00e4isches Fr\u00fchst\u00fcck - M\u011bstsk\u00e1 galerie Litomy\u0161l\" \/>\n<meta property=\"og:description\" content=\"Ein nachbarschaftlicher Vormittag mit gutem Essen zur Feier der Werte der Europ\u00e4ischen Union.\" \/>\n<meta property=\"og:url\" content=\"https:\/\/www.galerie.litomysl.cz\/de\/event\/europaeisches-fruehstueck\/\" \/>\n<meta property=\"og:site_name\" content=\"M\u011bstsk\u00e1 galerie Litomy\u0161l\" \/>\n<meta name=\"twitter:card\" content=\"summary_large_image\" \/>\n<meta name=\"twitter:label1\" content=\"Gesch\u00e4tzte Lesezeit\" \/>\n\t<meta name=\"twitter:data1\" content=\"1\u00a0Minute\" \/>\n<script type=\"application\/ld+json\" class=\"yoast-schema-graph\">{\"@context\":\"https:\/\/schema.org\",\"@graph\":[{\"@type\":\"WebPage\",\"@id\":\"https:\/\/www.galerie.litomysl.cz\/de\/event\/europaeisches-fruehstueck\/\",\"url\":\"https:\/\/www.galerie.litomysl.cz\/de\/event\/europaeisches-fruehstueck\/\",\"name\":\"Europ\u00e4isches Fr\u00fchst\u00fcck - M\u011bstsk\u00e1 galerie Litomy\u0161l\",\"isPartOf\":{\"@id\":\"https:\/\/www.galerie.litomysl.cz\/#website\"},\"datePublished\":\"2025-06-02T09:57:23+00:00\",\"dateModified\":\"2025-06-02T09:57:23+00:00\",\"description\":\"Ein nachbarschaftlicher Vormittag mit gutem Essen zur Feier der Werte der Europ\u00e4ischen Union.\",\"breadcrumb\":{\"@id\":\"https:\/\/www.galerie.litomysl.cz\/de\/event\/europaeisches-fruehstueck\/#breadcrumb\"},\"inLanguage\":\"de\",\"potentialAction\":[{\"@type\":\"ReadAction\",\"target\":[\"https:\/\/www.galerie.litomysl.cz\/de\/event\/europaeisches-fruehstueck\/\"]}]},{\"@type\":\"BreadcrumbList\",\"@id\":\"https:\/\/www.galerie.litomysl.cz\/de\/event\/europaeisches-fruehstueck\/#breadcrumb\",\"itemListElement\":[{\"@type\":\"ListItem\",\"position\":1,\"name\":\"Dom\u016f\",\"item\":\"https:\/\/www.galerie.litomysl.cz\/de\/\"},{\"@type\":\"ListItem\",\"position\":2,\"name\":\"Akce\",\"item\":\"https:\/\/www.galerie.litomysl.cz\/events\/\"},{\"@type\":\"ListItem\",\"position\":3,\"name\":\"Europ\u00e4isches Fr\u00fchst\u00fcck\"}]},{\"@type\":\"WebSite\",\"@id\":\"https:\/\/www.galerie.litomysl.cz\/#website\",\"url\":\"https:\/\/www.galerie.litomysl.cz\/\",\"name\":\"M\u011bstsk\u00e1 galerie Litomy\u0161l\",\"description\":\"\",\"publisher\":{\"@id\":\"https:\/\/www.galerie.litomysl.cz\/#organization\"},\"potentialAction\":[{\"@type\":\"SearchAction\",\"target\":{\"@type\":\"EntryPoint\",\"urlTemplate\":\"https:\/\/www.galerie.litomysl.cz\/?s={search_term_string}\"},\"query-input\":\"required name=search_term_string\"}],\"inLanguage\":\"de\"},{\"@type\":\"Organization\",\"@id\":\"https:\/\/www.galerie.litomysl.cz\/#organization\",\"name\":\"M\u011bstsk\u00e1 galerie Litomy\u0161l\",\"url\":\"https:\/\/www.galerie.litomysl.cz\/\",\"logo\":{\"@type\":\"ImageObject\",\"inLanguage\":\"de\",\"@id\":\"https:\/\/www.galerie.litomysl.cz\/#\/schema\/logo\/image\/\",\"url\":\"https:\/\/www.galerie.litomysl.cz\/wp-content\/uploads\/MGL-logo-c..svg\",\"contentUrl\":\"https:\/\/www.galerie.litomysl.cz\/wp-content\/uploads\/MGL-logo-c..svg\",\"width\":212,\"height\":136,\"caption\":\"M\u011bstsk\u00e1 galerie Litomy\u0161l\"},\"image\":{\"@id\":\"https:\/\/www.galerie.litomysl.cz\/#\/schema\/logo\/image\/\"}}]}<\/script>\n<!-- \/ Yoast SEO plugin. -->","yoast_head_json":{"title":"Europ\u00e4isches Fr\u00fchst\u00fcck - M\u011bstsk\u00e1 galerie Litomy\u0161l","description":"Ein nachbarschaftlicher Vormittag mit gutem Essen zur Feier der Werte der Europ\u00e4ischen Union.","robots":{"index":"index","follow":"follow","max-snippet":"max-snippet:-1","max-image-preview":"max-image-preview:large","max-video-preview":"max-video-preview:-1"},"canonical":"https:\/\/www.galerie.litomysl.cz\/de\/event\/europaeisches-fruehstueck\/","og_locale":"de_DE","og_type":"article","og_title":"Europ\u00e4isches Fr\u00fchst\u00fcck - M\u011bstsk\u00e1 galerie Litomy\u0161l","og_description":"Ein nachbarschaftlicher Vormittag mit gutem Essen zur Feier der Werte der Europ\u00e4ischen Union.","og_url":"https:\/\/www.galerie.litomysl.cz\/de\/event\/europaeisches-fruehstueck\/","og_site_name":"M\u011bstsk\u00e1 galerie Litomy\u0161l","twitter_card":"summary_large_image","twitter_misc":{"Gesch\u00e4tzte Lesezeit":"1\u00a0Minute"},"schema":{"@context":"https:\/\/schema.org","@graph":[{"@type":"WebPage","@id":"https:\/\/www.galerie.litomysl.cz\/de\/event\/europaeisches-fruehstueck\/","url":"https:\/\/www.galerie.litomysl.cz\/de\/event\/europaeisches-fruehstueck\/","name":"Europ\u00e4isches Fr\u00fchst\u00fcck - M\u011bstsk\u00e1 galerie Litomy\u0161l","isPartOf":{"@id":"https:\/\/www.galerie.litomysl.cz\/#website"},"datePublished":"2025-06-02T09:57:23+00:00","dateModified":"2025-06-02T09:57:23+00:00","description":"Ein nachbarschaftlicher Vormittag mit gutem Essen zur Feier der Werte der Europ\u00e4ischen Union.","breadcrumb":{"@id":"https:\/\/www.galerie.litomysl.cz\/de\/event\/europaeisches-fruehstueck\/#breadcrumb"},"inLanguage":"de","potentialAction":[{"@type":"ReadAction","target":["https:\/\/www.galerie.litomysl.cz\/de\/event\/europaeisches-fruehstueck\/"]}]},{"@type":"BreadcrumbList","@id":"https:\/\/www.galerie.litomysl.cz\/de\/event\/europaeisches-fruehstueck\/#breadcrumb","itemListElement":[{"@type":"ListItem","position":1,"name":"Dom\u016f","item":"https:\/\/www.galerie.litomysl.cz\/de\/"},{"@type":"ListItem","position":2,"name":"Akce","item":"https:\/\/www.galerie.litomysl.cz\/events\/"},{"@type":"ListItem","position":3,"name":"Europ\u00e4isches Fr\u00fchst\u00fcck"}]},{"@type":"WebSite","@id":"https:\/\/www.galerie.litomysl.cz\/#website","url":"https:\/\/www.galerie.litomysl.cz\/","name":"M\u011bstsk\u00e1 galerie Litomy\u0161l","description":"","publisher":{"@id":"https:\/\/www.galerie.litomysl.cz\/#organization"},"potentialAction":[{"@type":"SearchAction","target":{"@type":"EntryPoint","urlTemplate":"https:\/\/www.galerie.litomysl.cz\/?s={search_term_string}"},"query-input":"required name=search_term_string"}],"inLanguage":"de"},{"@type":"Organization","@id":"https:\/\/www.galerie.litomysl.cz\/#organization","name":"M\u011bstsk\u00e1 galerie Litomy\u0161l","url":"https:\/\/www.galerie.litomysl.cz\/","logo":{"@type":"ImageObject","inLanguage":"de","@id":"https:\/\/www.galerie.litomysl.cz\/#\/schema\/logo\/image\/","url":"https:\/\/www.galerie.litomysl.cz\/wp-content\/uploads\/MGL-logo-c..svg","contentUrl":"https:\/\/www.galerie.litomysl.cz\/wp-content\/uploads\/MGL-logo-c..svg","width":212,"height":136,"caption":"M\u011bstsk\u00e1 galerie Litomy\u0161l"},"image":{"@id":"https:\/\/www.galerie.litomysl.cz\/#\/schema\/logo\/image\/"}}]}},"_links":{"self":[{"href":"https:\/\/www.galerie.litomysl.cz\/de\/wp-json\/wp\/v2\/tribe_events\/14024"}],"collection":[{"href":"https:\/\/www.galerie.litomysl.cz\/de\/wp-json\/wp\/v2\/tribe_events"}],"about":[{"href":"https:\/\/www.galerie.litomysl.cz\/de\/wp-json\/wp\/v2\/types\/tribe_events"}],"author":[{"embeddable":true,"href":"https:\/\/www.galerie.litomysl.cz\/de\/wp-json\/wp\/v2\/users\/8"}],"replies":[{"embeddable":true,"href":"https:\/\/www.galerie.litomysl.cz\/de\/wp-json\/wp\/v2\/comments?post=14024"}],"version-history":[{"count":0,"href":"https:\/\/www.galerie.litomysl.cz\/de\/wp-json\/wp\/v2\/tribe_events\/14024\/revisions"}],"wp:attachment":[{"href":"https:\/\/www.galerie.litomysl.cz\/de\/wp-json\/wp\/v2\/media?parent=14024"}],"wp:term":[{"taxonomy":"post_tag","embeddable":true,"href":"https:\/\/www.galerie.litomysl.cz\/de\/wp-json\/wp\/v2\/tags?post=14024"},{"taxonomy":"tribe_events_cat","embeddable":true,"href":"https:\/\/www.galerie.litomysl.cz\/de\/wp-json\/wp\/v2\/tribe_events_cat?post=14024"}],"curies":[{"name":"wp","href":"https:\/\/api.w.org\/{rel}","templated":true}]}}