{"id":13818,"date":"2025-05-02T09:53:02","date_gmt":"2025-05-02T07:53:02","guid":{"rendered":"https:\/\/www.galerie.litomysl.cz\/event\/prostory-a-pocity\/"},"modified":"2025-06-02T11:39:20","modified_gmt":"2025-06-02T09:39:20","slug":"prostory-a-pocity","status":"publish","type":"tribe_events","link":"https:\/\/www.galerie.litomysl.cz\/de\/event\/prostory-a-pocity\/","title":{"rendered":"R\u00e4ume und Gef\u00fchle"},"content":{"rendered":"<p>Nehmen Sie an einer F\u00fchrung durch die Open-Air-Ausstellung &#8220;R\u00e4ume und Gef\u00fchle&#8221; teil und lernen Sie die k\u00fcnstlerischen Projekte von <em>Hynek Skot\u00e1k<\/em>, <em>Jan Fabi\u00e1n<\/em>, <em>Tom\u00e1\u0161 D\u017eadona<\/em>, dem deutschen K\u00fcnstler <em>Christof Zwiener<\/em> und der Kunstgruppe <em>Kolektiv Laundry und Eva Ji\u0159i\u010dka<\/em> kennen.<\/p>\n","protected":false},"excerpt":{"rendered":"<p>Hynek Skot\u00e1k, Jan Fabi\u00e1n, Tom\u00e1\u0161 D\u017eado\u0148, Christof Zwiener und die K\u00fcnstlergruppe Kolektiv Pr\u00e1delna und Eva Ji\u0159i\u010dka.<\/p>\n","protected":false},"author":8,"featured_media":0,"comment_status":"closed","ping_status":"closed","template":"","meta":{"inline_featured_image":false,"_tribe_events_status":"","_tribe_events_status_reason":"","footnotes":""},"tags":[],"tribe_events_cat":[80],"acf":[],"yoast_head":"<!-- This site is optimized with the Yoast SEO plugin v21.4 - https:\/\/yoast.com\/wordpress\/plugins\/seo\/ -->\n<title>R\u00e4ume und Gef\u00fchle - M\u011bstsk\u00e1 galerie Litomy\u0161l<\/title>\n<meta name=\"description\" content=\"Hynek Skot\u00e1k, Jan Fabi\u00e1n, Tom\u00e1\u0161 D\u017eado\u0148, Christof Zwiener und die K\u00fcnstlergruppe Kolektiv Pr\u00e1delna und Eva Ji\u0159i\u010dka.\" \/>\n<meta name=\"robots\" content=\"index, follow, max-snippet:-1, max-image-preview:large, max-video-preview:-1\" \/>\n<link rel=\"canonical\" href=\"https:\/\/www.galerie.litomysl.cz\/de\/event\/prostory-a-pocity\/\" \/>\n<meta property=\"og:locale\" content=\"de_DE\" \/>\n<meta property=\"og:type\" content=\"article\" \/>\n<meta property=\"og:title\" content=\"R\u00e4ume und Gef\u00fchle - M\u011bstsk\u00e1 galerie Litomy\u0161l\" \/>\n<meta property=\"og:description\" content=\"Hynek Skot\u00e1k, Jan Fabi\u00e1n, Tom\u00e1\u0161 D\u017eado\u0148, Christof Zwiener und die K\u00fcnstlergruppe Kolektiv Pr\u00e1delna und Eva Ji\u0159i\u010dka.\" \/>\n<meta property=\"og:url\" content=\"https:\/\/www.galerie.litomysl.cz\/de\/event\/prostory-a-pocity\/\" \/>\n<meta property=\"og:site_name\" content=\"M\u011bstsk\u00e1 galerie Litomy\u0161l\" \/>\n<meta property=\"article:modified_time\" content=\"2025-06-02T09:39:20+00:00\" \/>\n<meta name=\"twitter:card\" content=\"summary_large_image\" \/>\n<script type=\"application\/ld+json\" class=\"yoast-schema-graph\">{\"@context\":\"https:\/\/schema.org\",\"@graph\":[{\"@type\":\"WebPage\",\"@id\":\"https:\/\/www.galerie.litomysl.cz\/de\/event\/prostory-a-pocity\/\",\"url\":\"https:\/\/www.galerie.litomysl.cz\/de\/event\/prostory-a-pocity\/\",\"name\":\"R\u00e4ume und Gef\u00fchle - M\u011bstsk\u00e1 galerie Litomy\u0161l\",\"isPartOf\":{\"@id\":\"https:\/\/www.galerie.litomysl.cz\/#website\"},\"datePublished\":\"2025-05-02T07:53:02+00:00\",\"dateModified\":\"2025-06-02T09:39:20+00:00\",\"description\":\"Hynek Skot\u00e1k, Jan Fabi\u00e1n, Tom\u00e1\u0161 D\u017eado\u0148, Christof Zwiener und die K\u00fcnstlergruppe Kolektiv Pr\u00e1delna und Eva Ji\u0159i\u010dka.\",\"breadcrumb\":{\"@id\":\"https:\/\/www.galerie.litomysl.cz\/de\/event\/prostory-a-pocity\/#breadcrumb\"},\"inLanguage\":\"de\",\"potentialAction\":[{\"@type\":\"ReadAction\",\"target\":[\"https:\/\/www.galerie.litomysl.cz\/de\/event\/prostory-a-pocity\/\"]}]},{\"@type\":\"BreadcrumbList\",\"@id\":\"https:\/\/www.galerie.litomysl.cz\/de\/event\/prostory-a-pocity\/#breadcrumb\",\"itemListElement\":[{\"@type\":\"ListItem\",\"position\":1,\"name\":\"Dom\u016f\",\"item\":\"https:\/\/www.galerie.litomysl.cz\/de\/\"},{\"@type\":\"ListItem\",\"position\":2,\"name\":\"Akce\",\"item\":\"https:\/\/www.galerie.litomysl.cz\/events\/\"},{\"@type\":\"ListItem\",\"position\":3,\"name\":\"R\u00e4ume und Gef\u00fchle\"}]},{\"@type\":\"WebSite\",\"@id\":\"https:\/\/www.galerie.litomysl.cz\/#website\",\"url\":\"https:\/\/www.galerie.litomysl.cz\/\",\"name\":\"M\u011bstsk\u00e1 galerie Litomy\u0161l\",\"description\":\"\",\"publisher\":{\"@id\":\"https:\/\/www.galerie.litomysl.cz\/#organization\"},\"potentialAction\":[{\"@type\":\"SearchAction\",\"target\":{\"@type\":\"EntryPoint\",\"urlTemplate\":\"https:\/\/www.galerie.litomysl.cz\/?s={search_term_string}\"},\"query-input\":\"required name=search_term_string\"}],\"inLanguage\":\"de\"},{\"@type\":\"Organization\",\"@id\":\"https:\/\/www.galerie.litomysl.cz\/#organization\",\"name\":\"M\u011bstsk\u00e1 galerie Litomy\u0161l\",\"url\":\"https:\/\/www.galerie.litomysl.cz\/\",\"logo\":{\"@type\":\"ImageObject\",\"inLanguage\":\"de\",\"@id\":\"https:\/\/www.galerie.litomysl.cz\/#\/schema\/logo\/image\/\",\"url\":\"https:\/\/www.galerie.litomysl.cz\/wp-content\/uploads\/MGL-logo-c..svg\",\"contentUrl\":\"https:\/\/www.galerie.litomysl.cz\/wp-content\/uploads\/MGL-logo-c..svg\",\"width\":212,\"height\":136,\"caption\":\"M\u011bstsk\u00e1 galerie Litomy\u0161l\"},\"image\":{\"@id\":\"https:\/\/www.galerie.litomysl.cz\/#\/schema\/logo\/image\/\"}}]}<\/script>\n<!-- \/ Yoast SEO plugin. -->","yoast_head_json":{"title":"R\u00e4ume und Gef\u00fchle - M\u011bstsk\u00e1 galerie Litomy\u0161l","description":"Hynek Skot\u00e1k, Jan Fabi\u00e1n, Tom\u00e1\u0161 D\u017eado\u0148, Christof Zwiener und die K\u00fcnstlergruppe Kolektiv Pr\u00e1delna und Eva Ji\u0159i\u010dka.","robots":{"index":"index","follow":"follow","max-snippet":"max-snippet:-1","max-image-preview":"max-image-preview:large","max-video-preview":"max-video-preview:-1"},"canonical":"https:\/\/www.galerie.litomysl.cz\/de\/event\/prostory-a-pocity\/","og_locale":"de_DE","og_type":"article","og_title":"R\u00e4ume und Gef\u00fchle - M\u011bstsk\u00e1 galerie Litomy\u0161l","og_description":"Hynek Skot\u00e1k, Jan Fabi\u00e1n, Tom\u00e1\u0161 D\u017eado\u0148, Christof Zwiener und die K\u00fcnstlergruppe Kolektiv Pr\u00e1delna und Eva Ji\u0159i\u010dka.","og_url":"https:\/\/www.galerie.litomysl.cz\/de\/event\/prostory-a-pocity\/","og_site_name":"M\u011bstsk\u00e1 galerie Litomy\u0161l","article_modified_time":"2025-06-02T09:39:20+00:00","twitter_card":"summary_large_image","schema":{"@context":"https:\/\/schema.org","@graph":[{"@type":"WebPage","@id":"https:\/\/www.galerie.litomysl.cz\/de\/event\/prostory-a-pocity\/","url":"https:\/\/www.galerie.litomysl.cz\/de\/event\/prostory-a-pocity\/","name":"R\u00e4ume und Gef\u00fchle - M\u011bstsk\u00e1 galerie Litomy\u0161l","isPartOf":{"@id":"https:\/\/www.galerie.litomysl.cz\/#website"},"datePublished":"2025-05-02T07:53:02+00:00","dateModified":"2025-06-02T09:39:20+00:00","description":"Hynek Skot\u00e1k, Jan Fabi\u00e1n, Tom\u00e1\u0161 D\u017eado\u0148, Christof Zwiener und die K\u00fcnstlergruppe Kolektiv Pr\u00e1delna und Eva Ji\u0159i\u010dka.","breadcrumb":{"@id":"https:\/\/www.galerie.litomysl.cz\/de\/event\/prostory-a-pocity\/#breadcrumb"},"inLanguage":"de","potentialAction":[{"@type":"ReadAction","target":["https:\/\/www.galerie.litomysl.cz\/de\/event\/prostory-a-pocity\/"]}]},{"@type":"BreadcrumbList","@id":"https:\/\/www.galerie.litomysl.cz\/de\/event\/prostory-a-pocity\/#breadcrumb","itemListElement":[{"@type":"ListItem","position":1,"name":"Dom\u016f","item":"https:\/\/www.galerie.litomysl.cz\/de\/"},{"@type":"ListItem","position":2,"name":"Akce","item":"https:\/\/www.galerie.litomysl.cz\/events\/"},{"@type":"ListItem","position":3,"name":"R\u00e4ume und Gef\u00fchle"}]},{"@type":"WebSite","@id":"https:\/\/www.galerie.litomysl.cz\/#website","url":"https:\/\/www.galerie.litomysl.cz\/","name":"M\u011bstsk\u00e1 galerie Litomy\u0161l","description":"","publisher":{"@id":"https:\/\/www.galerie.litomysl.cz\/#organization"},"potentialAction":[{"@type":"SearchAction","target":{"@type":"EntryPoint","urlTemplate":"https:\/\/www.galerie.litomysl.cz\/?s={search_term_string}"},"query-input":"required name=search_term_string"}],"inLanguage":"de"},{"@type":"Organization","@id":"https:\/\/www.galerie.litomysl.cz\/#organization","name":"M\u011bstsk\u00e1 galerie Litomy\u0161l","url":"https:\/\/www.galerie.litomysl.cz\/","logo":{"@type":"ImageObject","inLanguage":"de","@id":"https:\/\/www.galerie.litomysl.cz\/#\/schema\/logo\/image\/","url":"https:\/\/www.galerie.litomysl.cz\/wp-content\/uploads\/MGL-logo-c..svg","contentUrl":"https:\/\/www.galerie.litomysl.cz\/wp-content\/uploads\/MGL-logo-c..svg","width":212,"height":136,"caption":"M\u011bstsk\u00e1 galerie Litomy\u0161l"},"image":{"@id":"https:\/\/www.galerie.litomysl.cz\/#\/schema\/logo\/image\/"}}]}},"_links":{"self":[{"href":"https:\/\/www.galerie.litomysl.cz\/de\/wp-json\/wp\/v2\/tribe_events\/13818"}],"collection":[{"href":"https:\/\/www.galerie.litomysl.cz\/de\/wp-json\/wp\/v2\/tribe_events"}],"about":[{"href":"https:\/\/www.galerie.litomysl.cz\/de\/wp-json\/wp\/v2\/types\/tribe_events"}],"author":[{"embeddable":true,"href":"https:\/\/www.galerie.litomysl.cz\/de\/wp-json\/wp\/v2\/users\/8"}],"replies":[{"embeddable":true,"href":"https:\/\/www.galerie.litomysl.cz\/de\/wp-json\/wp\/v2\/comments?post=13818"}],"version-history":[{"count":1,"href":"https:\/\/www.galerie.litomysl.cz\/de\/wp-json\/wp\/v2\/tribe_events\/13818\/revisions"}],"predecessor-version":[{"id":14016,"href":"https:\/\/www.galerie.litomysl.cz\/de\/wp-json\/wp\/v2\/tribe_events\/13818\/revisions\/14016"}],"wp:attachment":[{"href":"https:\/\/www.galerie.litomysl.cz\/de\/wp-json\/wp\/v2\/media?parent=13818"}],"wp:term":[{"taxonomy":"post_tag","embeddable":true,"href":"https:\/\/www.galerie.litomysl.cz\/de\/wp-json\/wp\/v2\/tags?post=13818"},{"taxonomy":"tribe_events_cat","embeddable":true,"href":"https:\/\/www.galerie.litomysl.cz\/de\/wp-json\/wp\/v2\/tribe_events_cat?post=13818"}],"curies":[{"name":"wp","href":"https:\/\/api.w.org\/{rel}","templated":true}]}}