{"id":13813,"date":"2025-05-02T09:36:59","date_gmt":"2025-05-02T07:36:59","guid":{"rendered":"https:\/\/www.galerie.litomysl.cz\/event\/vernisaz-vystavy-prostory-a-pocity\/"},"modified":"2025-06-04T11:39:38","modified_gmt":"2025-06-04T09:39:38","slug":"vernisaz-vystavy-prostory-a-pocity","status":"publish","type":"tribe_events","link":"https:\/\/www.galerie.litomysl.cz\/de\/event\/vernisaz-vystavy-prostory-a-pocity\/","title":{"rendered":"Er\u00f6ffnung der Ausstellung RA\u00dcME UND GEF\u00dcHLE"},"content":{"rendered":"<p>Er\u00f6ffnung der Open-Air-Ausstellung in der St\u00e4dtischen Galerie Litomy\u0161l. F\u00fcnf Kuratoren &#8211; Marcela Strakov\u00e1, \u017daneta Richterov\u00e1, Tea Z\u00e1chov\u00e1, Ond\u0159ej Hor\u00e1k und Rostislav Kory\u010d\u00e1nek &#8211; haben mit ausgew\u00e4hlten K\u00fcnstlern zusammengearbeitet und durch ortsspezifische Installationen und Performances die besonderen Qualit\u00e4ten ausgew\u00e4hlter st\u00e4dtischer Orte in \u00dcbereinstimmung mit ihrer einzigartigen Erinnerung und Geschichte hervorgehoben.  Die Interpretation des Festivalthemas &#8220;Leidenschaft&#8221; in den einzelnen kuratorischen Konzepten ist durch den gemeinsamen Wunsch verbunden, einen friedlichen Dialog mit einem bestimmten Ort zu f\u00fchren und nicht auf konflikttr\u00e4chtige Weise in seine Integrit\u00e4t einzugreifen. Das Projekt belebt den allgemeinen Diskurs \u00fcber die Einbindung von Kunstwerken in den st\u00e4dtischen Au\u00dfenbereich mit dem Schwerpunkt auf urbanen, \u00e4sthetischen und ethischen Aspekten.<\/p>\n<p>&nbsp;<\/p>\n<p><strong>Er\u00f6ffnungsdatum:<\/strong><br \/>\n14. 6. 2025 um 16.00 Uhr, <strong>Klosterg\u00e4rten<\/strong> (im Rahmen der Er\u00f6ffnung der Festival G\u00e4rten, gefolgt von einer F\u00fchrung) <\/p>\n","protected":false},"excerpt":{"rendered":"<p>Er\u00f6ffnung der Open-Air-Ausstellung &#8220;R\u00e4ume und Gef\u00fchle&#8221; mit Interventionen zeitgen\u00f6ssischer K\u00fcnstler:innen im Raum von Litomy\u0161l.<\/p>\n","protected":false},"author":8,"featured_media":0,"comment_status":"closed","ping_status":"closed","template":"","meta":{"inline_featured_image":false,"_tribe_events_status":"","_tribe_events_status_reason":"","footnotes":""},"tags":[],"tribe_events_cat":[103],"acf":[],"yoast_head":"<!-- This site is optimized with the Yoast SEO plugin v21.4 - https:\/\/yoast.com\/wordpress\/plugins\/seo\/ -->\n<title>Er\u00f6ffnung der Ausstellung RA\u00dcME UND GEF\u00dcHLE - M\u011bstsk\u00e1 galerie Litomy\u0161l<\/title>\n<meta name=\"description\" content=\"Er\u00f6ffnung der Open-Air-Ausstellung RA\u00dcME UND GEF\u00dcHLE mit Interventionen zeitgen\u00f6ssischer K\u00fcnstler:innen im Raum von Litomy\u0161l.\" \/>\n<meta name=\"robots\" content=\"index, follow, max-snippet:-1, max-image-preview:large, max-video-preview:-1\" \/>\n<link rel=\"canonical\" href=\"https:\/\/www.galerie.litomysl.cz\/de\/event\/vernisaz-vystavy-prostory-a-pocity\/\" \/>\n<meta property=\"og:locale\" content=\"de_DE\" \/>\n<meta property=\"og:type\" content=\"article\" \/>\n<meta property=\"og:title\" content=\"Er\u00f6ffnung der Ausstellung RA\u00dcME UND GEF\u00dcHLE - M\u011bstsk\u00e1 galerie Litomy\u0161l\" \/>\n<meta property=\"og:description\" content=\"Er\u00f6ffnung der Open-Air-Ausstellung RA\u00dcME UND GEF\u00dcHLE mit Interventionen zeitgen\u00f6ssischer K\u00fcnstler:innen im Raum von Litomy\u0161l.\" \/>\n<meta property=\"og:url\" content=\"https:\/\/www.galerie.litomysl.cz\/de\/event\/vernisaz-vystavy-prostory-a-pocity\/\" \/>\n<meta property=\"og:site_name\" content=\"M\u011bstsk\u00e1 galerie Litomy\u0161l\" \/>\n<meta property=\"article:modified_time\" content=\"2025-06-04T09:39:38+00:00\" \/>\n<meta name=\"twitter:card\" content=\"summary_large_image\" \/>\n<meta name=\"twitter:label1\" content=\"Gesch\u00e4tzte Lesezeit\" \/>\n\t<meta name=\"twitter:data1\" content=\"1\u00a0Minute\" \/>\n<script type=\"application\/ld+json\" class=\"yoast-schema-graph\">{\"@context\":\"https:\/\/schema.org\",\"@graph\":[{\"@type\":\"WebPage\",\"@id\":\"https:\/\/www.galerie.litomysl.cz\/de\/event\/vernisaz-vystavy-prostory-a-pocity\/\",\"url\":\"https:\/\/www.galerie.litomysl.cz\/de\/event\/vernisaz-vystavy-prostory-a-pocity\/\",\"name\":\"Er\u00f6ffnung der Ausstellung RA\u00dcME UND GEF\u00dcHLE - M\u011bstsk\u00e1 galerie Litomy\u0161l\",\"isPartOf\":{\"@id\":\"https:\/\/www.galerie.litomysl.cz\/#website\"},\"datePublished\":\"2025-05-02T07:36:59+00:00\",\"dateModified\":\"2025-06-04T09:39:38+00:00\",\"description\":\"Er\u00f6ffnung der Open-Air-Ausstellung RA\u00dcME UND GEF\u00dcHLE mit Interventionen zeitgen\u00f6ssischer K\u00fcnstler:innen im Raum von Litomy\u0161l.\",\"breadcrumb\":{\"@id\":\"https:\/\/www.galerie.litomysl.cz\/de\/event\/vernisaz-vystavy-prostory-a-pocity\/#breadcrumb\"},\"inLanguage\":\"de\",\"potentialAction\":[{\"@type\":\"ReadAction\",\"target\":[\"https:\/\/www.galerie.litomysl.cz\/de\/event\/vernisaz-vystavy-prostory-a-pocity\/\"]}]},{\"@type\":\"BreadcrumbList\",\"@id\":\"https:\/\/www.galerie.litomysl.cz\/de\/event\/vernisaz-vystavy-prostory-a-pocity\/#breadcrumb\",\"itemListElement\":[{\"@type\":\"ListItem\",\"position\":1,\"name\":\"Dom\u016f\",\"item\":\"https:\/\/www.galerie.litomysl.cz\/de\/\"},{\"@type\":\"ListItem\",\"position\":2,\"name\":\"Akce\",\"item\":\"https:\/\/www.galerie.litomysl.cz\/events\/\"},{\"@type\":\"ListItem\",\"position\":3,\"name\":\"Er\u00f6ffnung der Ausstellung RA\u00dcME UND GEF\u00dcHLE\"}]},{\"@type\":\"WebSite\",\"@id\":\"https:\/\/www.galerie.litomysl.cz\/#website\",\"url\":\"https:\/\/www.galerie.litomysl.cz\/\",\"name\":\"M\u011bstsk\u00e1 galerie Litomy\u0161l\",\"description\":\"\",\"publisher\":{\"@id\":\"https:\/\/www.galerie.litomysl.cz\/#organization\"},\"potentialAction\":[{\"@type\":\"SearchAction\",\"target\":{\"@type\":\"EntryPoint\",\"urlTemplate\":\"https:\/\/www.galerie.litomysl.cz\/?s={search_term_string}\"},\"query-input\":\"required name=search_term_string\"}],\"inLanguage\":\"de\"},{\"@type\":\"Organization\",\"@id\":\"https:\/\/www.galerie.litomysl.cz\/#organization\",\"name\":\"M\u011bstsk\u00e1 galerie Litomy\u0161l\",\"url\":\"https:\/\/www.galerie.litomysl.cz\/\",\"logo\":{\"@type\":\"ImageObject\",\"inLanguage\":\"de\",\"@id\":\"https:\/\/www.galerie.litomysl.cz\/#\/schema\/logo\/image\/\",\"url\":\"https:\/\/www.galerie.litomysl.cz\/wp-content\/uploads\/MGL-logo-c..svg\",\"contentUrl\":\"https:\/\/www.galerie.litomysl.cz\/wp-content\/uploads\/MGL-logo-c..svg\",\"width\":212,\"height\":136,\"caption\":\"M\u011bstsk\u00e1 galerie Litomy\u0161l\"},\"image\":{\"@id\":\"https:\/\/www.galerie.litomysl.cz\/#\/schema\/logo\/image\/\"}}]}<\/script>\n<!-- \/ Yoast SEO plugin. -->","yoast_head_json":{"title":"Er\u00f6ffnung der Ausstellung RA\u00dcME UND GEF\u00dcHLE - M\u011bstsk\u00e1 galerie Litomy\u0161l","description":"Er\u00f6ffnung der Open-Air-Ausstellung RA\u00dcME UND GEF\u00dcHLE mit Interventionen zeitgen\u00f6ssischer K\u00fcnstler:innen im Raum von Litomy\u0161l.","robots":{"index":"index","follow":"follow","max-snippet":"max-snippet:-1","max-image-preview":"max-image-preview:large","max-video-preview":"max-video-preview:-1"},"canonical":"https:\/\/www.galerie.litomysl.cz\/de\/event\/vernisaz-vystavy-prostory-a-pocity\/","og_locale":"de_DE","og_type":"article","og_title":"Er\u00f6ffnung der Ausstellung RA\u00dcME UND GEF\u00dcHLE - M\u011bstsk\u00e1 galerie Litomy\u0161l","og_description":"Er\u00f6ffnung der Open-Air-Ausstellung RA\u00dcME UND GEF\u00dcHLE mit Interventionen zeitgen\u00f6ssischer K\u00fcnstler:innen im Raum von Litomy\u0161l.","og_url":"https:\/\/www.galerie.litomysl.cz\/de\/event\/vernisaz-vystavy-prostory-a-pocity\/","og_site_name":"M\u011bstsk\u00e1 galerie Litomy\u0161l","article_modified_time":"2025-06-04T09:39:38+00:00","twitter_card":"summary_large_image","twitter_misc":{"Gesch\u00e4tzte Lesezeit":"1\u00a0Minute"},"schema":{"@context":"https:\/\/schema.org","@graph":[{"@type":"WebPage","@id":"https:\/\/www.galerie.litomysl.cz\/de\/event\/vernisaz-vystavy-prostory-a-pocity\/","url":"https:\/\/www.galerie.litomysl.cz\/de\/event\/vernisaz-vystavy-prostory-a-pocity\/","name":"Er\u00f6ffnung der Ausstellung RA\u00dcME UND GEF\u00dcHLE - M\u011bstsk\u00e1 galerie Litomy\u0161l","isPartOf":{"@id":"https:\/\/www.galerie.litomysl.cz\/#website"},"datePublished":"2025-05-02T07:36:59+00:00","dateModified":"2025-06-04T09:39:38+00:00","description":"Er\u00f6ffnung der Open-Air-Ausstellung RA\u00dcME UND GEF\u00dcHLE mit Interventionen zeitgen\u00f6ssischer K\u00fcnstler:innen im Raum von Litomy\u0161l.","breadcrumb":{"@id":"https:\/\/www.galerie.litomysl.cz\/de\/event\/vernisaz-vystavy-prostory-a-pocity\/#breadcrumb"},"inLanguage":"de","potentialAction":[{"@type":"ReadAction","target":["https:\/\/www.galerie.litomysl.cz\/de\/event\/vernisaz-vystavy-prostory-a-pocity\/"]}]},{"@type":"BreadcrumbList","@id":"https:\/\/www.galerie.litomysl.cz\/de\/event\/vernisaz-vystavy-prostory-a-pocity\/#breadcrumb","itemListElement":[{"@type":"ListItem","position":1,"name":"Dom\u016f","item":"https:\/\/www.galerie.litomysl.cz\/de\/"},{"@type":"ListItem","position":2,"name":"Akce","item":"https:\/\/www.galerie.litomysl.cz\/events\/"},{"@type":"ListItem","position":3,"name":"Er\u00f6ffnung der Ausstellung RA\u00dcME UND GEF\u00dcHLE"}]},{"@type":"WebSite","@id":"https:\/\/www.galerie.litomysl.cz\/#website","url":"https:\/\/www.galerie.litomysl.cz\/","name":"M\u011bstsk\u00e1 galerie Litomy\u0161l","description":"","publisher":{"@id":"https:\/\/www.galerie.litomysl.cz\/#organization"},"potentialAction":[{"@type":"SearchAction","target":{"@type":"EntryPoint","urlTemplate":"https:\/\/www.galerie.litomysl.cz\/?s={search_term_string}"},"query-input":"required name=search_term_string"}],"inLanguage":"de"},{"@type":"Organization","@id":"https:\/\/www.galerie.litomysl.cz\/#organization","name":"M\u011bstsk\u00e1 galerie Litomy\u0161l","url":"https:\/\/www.galerie.litomysl.cz\/","logo":{"@type":"ImageObject","inLanguage":"de","@id":"https:\/\/www.galerie.litomysl.cz\/#\/schema\/logo\/image\/","url":"https:\/\/www.galerie.litomysl.cz\/wp-content\/uploads\/MGL-logo-c..svg","contentUrl":"https:\/\/www.galerie.litomysl.cz\/wp-content\/uploads\/MGL-logo-c..svg","width":212,"height":136,"caption":"M\u011bstsk\u00e1 galerie Litomy\u0161l"},"image":{"@id":"https:\/\/www.galerie.litomysl.cz\/#\/schema\/logo\/image\/"}}]}},"_links":{"self":[{"href":"https:\/\/www.galerie.litomysl.cz\/de\/wp-json\/wp\/v2\/tribe_events\/13813"}],"collection":[{"href":"https:\/\/www.galerie.litomysl.cz\/de\/wp-json\/wp\/v2\/tribe_events"}],"about":[{"href":"https:\/\/www.galerie.litomysl.cz\/de\/wp-json\/wp\/v2\/types\/tribe_events"}],"author":[{"embeddable":true,"href":"https:\/\/www.galerie.litomysl.cz\/de\/wp-json\/wp\/v2\/users\/8"}],"replies":[{"embeddable":true,"href":"https:\/\/www.galerie.litomysl.cz\/de\/wp-json\/wp\/v2\/comments?post=13813"}],"version-history":[{"count":3,"href":"https:\/\/www.galerie.litomysl.cz\/de\/wp-json\/wp\/v2\/tribe_events\/13813\/revisions"}],"predecessor-version":[{"id":14210,"href":"https:\/\/www.galerie.litomysl.cz\/de\/wp-json\/wp\/v2\/tribe_events\/13813\/revisions\/14210"}],"wp:attachment":[{"href":"https:\/\/www.galerie.litomysl.cz\/de\/wp-json\/wp\/v2\/media?parent=13813"}],"wp:term":[{"taxonomy":"post_tag","embeddable":true,"href":"https:\/\/www.galerie.litomysl.cz\/de\/wp-json\/wp\/v2\/tags?post=13813"},{"taxonomy":"tribe_events_cat","embeddable":true,"href":"https:\/\/www.galerie.litomysl.cz\/de\/wp-json\/wp\/v2\/tribe_events_cat?post=13813"}],"curies":[{"name":"wp","href":"https:\/\/api.w.org\/{rel}","templated":true}]}}