{"id":12593,"date":"2024-08-22T11:26:00","date_gmt":"2024-08-22T09:26:00","guid":{"rendered":"https:\/\/www.galerie.litomysl.cz\/event\/staedtische-bildergalerie-neu\/"},"modified":"2024-08-22T11:26:00","modified_gmt":"2024-08-22T09:26:00","slug":"staedtische-bildergalerie-neu","status":"publish","type":"tribe_events","link":"https:\/\/www.galerie.litomysl.cz\/de\/event\/staedtische-bildergalerie-neu\/","title":{"rendered":"St\u00e4dtische Bildergalerie NEU"},"content":{"rendered":"<p>Interessieren Sie sich f\u00fcr die architektonische Gestaltung der neuen Gem\u00e4ldegalerie und das Konzept der derzeitigen Ausstellung? Kommen Sie zu unserer F\u00fchrung. Martina Zuza\u0148\u00e1kov\u00e1 und Jana Koskov\u00e1, die Kuratorinnen der Ausstellung, werden Sie f\u00fchren. Eintritt: CZK 50,-, (Kinder und Jugendliche unter 18 Jahren sind frei)    <\/p>\n<div id='gallery-1' class='gallery galleryid-12593 gallery-columns-3 gallery-size-large'><figure class='gallery-item'>\n\t\t\t<div class='gallery-icon landscape'>\n\t\t\t\t<a href='https:\/\/www.galerie.litomysl.cz\/de\/event\/staedtische-bildergalerie-neu\/attachment\/_r5_5218-2\/'><img loading=\"lazy\" decoding=\"async\" width=\"800\" height=\"534\" src=\"https:\/\/www.galerie.litomysl.cz\/wp-content\/uploads\/R5_5218-1024x683.jpg\" class=\"attachment-large size-large\" alt=\"\" aria-describedby=\"gallery-1-12565\" srcset=\"https:\/\/www.galerie.litomysl.cz\/wp-content\/uploads\/R5_5218-1024x683.jpg 1024w, https:\/\/www.galerie.litomysl.cz\/wp-content\/uploads\/R5_5218-300x200.jpg 300w, https:\/\/www.galerie.litomysl.cz\/wp-content\/uploads\/R5_5218-768x512.jpg 768w, https:\/\/www.galerie.litomysl.cz\/wp-content\/uploads\/R5_5218-1536x1025.jpg 1536w, https:\/\/www.galerie.litomysl.cz\/wp-content\/uploads\/R5_5218-scaled.jpg 2048w\" sizes=\"(max-width: 800px) 100vw, 800px\" \/><\/a>\n\t\t\t<\/div>\n\t\t\t\t<figcaption class='wp-caption-text gallery-caption' id='gallery-1-12565'>\n\t\t\t\tEin Blick in die Eingangsbereiche der St\u00e4dtischen Gem\u00e4ldegalerie, die von schlichten M\u00f6beln des Architekturb\u00fcros MAAUS gepr\u00e4gt sind.\n\t\t\t\t<\/figcaption><\/figure><figure class='gallery-item'>\n\t\t\t<div class='gallery-icon landscape'>\n\t\t\t\t<a href='https:\/\/www.galerie.litomysl.cz\/de\/event\/staedtische-bildergalerie-neu\/attachment\/_r5_5273-2\/'><img loading=\"lazy\" decoding=\"async\" width=\"800\" height=\"534\" src=\"https:\/\/www.galerie.litomysl.cz\/wp-content\/uploads\/R5_5273-1024x683.jpg\" class=\"attachment-large size-large\" alt=\"\" srcset=\"https:\/\/www.galerie.litomysl.cz\/wp-content\/uploads\/R5_5273-1024x683.jpg 1024w, https:\/\/www.galerie.litomysl.cz\/wp-content\/uploads\/R5_5273-300x200.jpg 300w, https:\/\/www.galerie.litomysl.cz\/wp-content\/uploads\/R5_5273-768x512.jpg 768w, https:\/\/www.galerie.litomysl.cz\/wp-content\/uploads\/R5_5273-1536x1025.jpg 1536w, https:\/\/www.galerie.litomysl.cz\/wp-content\/uploads\/R5_5273-scaled.jpg 2048w\" sizes=\"(max-width: 800px) 100vw, 800px\" \/><\/a>\n\t\t\t<\/div><\/figure><figure class='gallery-item'>\n\t\t\t<div class='gallery-icon landscape'>\n\t\t\t\t<a href='https:\/\/www.galerie.litomysl.cz\/de\/event\/staedtische-bildergalerie-neu\/attachment\/_r5_5125-2\/'><img loading=\"lazy\" decoding=\"async\" width=\"800\" height=\"534\" src=\"https:\/\/www.galerie.litomysl.cz\/wp-content\/uploads\/R5_5125-1024x683.jpg\" class=\"attachment-large size-large\" alt=\"\" srcset=\"https:\/\/www.galerie.litomysl.cz\/wp-content\/uploads\/R5_5125-1024x683.jpg 1024w, https:\/\/www.galerie.litomysl.cz\/wp-content\/uploads\/R5_5125-300x200.jpg 300w, https:\/\/www.galerie.litomysl.cz\/wp-content\/uploads\/R5_5125-768x512.jpg 768w, https:\/\/www.galerie.litomysl.cz\/wp-content\/uploads\/R5_5125-1536x1025.jpg 1536w, https:\/\/www.galerie.litomysl.cz\/wp-content\/uploads\/R5_5125-scaled.jpg 2048w\" sizes=\"(max-width: 800px) 100vw, 800px\" \/><\/a>\n\t\t\t<\/div><\/figure><figure class='gallery-item'>\n\t\t\t<div class='gallery-icon landscape'>\n\t\t\t\t<a href='https:\/\/www.galerie.litomysl.cz\/de\/event\/staedtische-bildergalerie-neu\/attachment\/_r5_5130-2\/'><img loading=\"lazy\" decoding=\"async\" width=\"800\" height=\"534\" src=\"https:\/\/www.galerie.litomysl.cz\/wp-content\/uploads\/R5_5130-1024x683.jpg\" class=\"attachment-large size-large\" alt=\"\" srcset=\"https:\/\/www.galerie.litomysl.cz\/wp-content\/uploads\/R5_5130-1024x683.jpg 1024w, https:\/\/www.galerie.litomysl.cz\/wp-content\/uploads\/R5_5130-300x200.jpg 300w, https:\/\/www.galerie.litomysl.cz\/wp-content\/uploads\/R5_5130-768x512.jpg 768w, https:\/\/www.galerie.litomysl.cz\/wp-content\/uploads\/R5_5130-1536x1025.jpg 1536w, https:\/\/www.galerie.litomysl.cz\/wp-content\/uploads\/R5_5130-scaled.jpg 2048w\" sizes=\"(max-width: 800px) 100vw, 800px\" \/><\/a>\n\t\t\t<\/div><\/figure><figure class='gallery-item'>\n\t\t\t<div class='gallery-icon landscape'>\n\t\t\t\t<a href='https:\/\/www.galerie.litomysl.cz\/de\/event\/staedtische-bildergalerie-neu\/attachment\/_r5_5096-2\/'><img loading=\"lazy\" decoding=\"async\" width=\"800\" height=\"534\" src=\"https:\/\/www.galerie.litomysl.cz\/wp-content\/uploads\/R5_5096-1024x683.jpg\" class=\"attachment-large size-large\" alt=\"\" srcset=\"https:\/\/www.galerie.litomysl.cz\/wp-content\/uploads\/R5_5096-1024x683.jpg 1024w, https:\/\/www.galerie.litomysl.cz\/wp-content\/uploads\/R5_5096-300x200.jpg 300w, https:\/\/www.galerie.litomysl.cz\/wp-content\/uploads\/R5_5096-768x512.jpg 768w, https:\/\/www.galerie.litomysl.cz\/wp-content\/uploads\/R5_5096-1536x1025.jpg 1536w, https:\/\/www.galerie.litomysl.cz\/wp-content\/uploads\/R5_5096-scaled.jpg 2048w\" sizes=\"(max-width: 800px) 100vw, 800px\" \/><\/a>\n\t\t\t<\/div><\/figure><figure class='gallery-item'>\n\t\t\t<div class='gallery-icon landscape'>\n\t\t\t\t<a href='https:\/\/www.galerie.litomysl.cz\/de\/event\/staedtische-bildergalerie-neu\/attachment\/_r5_5065-2\/'><img loading=\"lazy\" decoding=\"async\" width=\"800\" height=\"534\" src=\"https:\/\/www.galerie.litomysl.cz\/wp-content\/uploads\/R5_5065-1024x683.jpg\" class=\"attachment-large size-large\" alt=\"\" srcset=\"https:\/\/www.galerie.litomysl.cz\/wp-content\/uploads\/R5_5065-1024x683.jpg 1024w, https:\/\/www.galerie.litomysl.cz\/wp-content\/uploads\/R5_5065-300x200.jpg 300w, https:\/\/www.galerie.litomysl.cz\/wp-content\/uploads\/R5_5065-768x512.jpg 768w, https:\/\/www.galerie.litomysl.cz\/wp-content\/uploads\/R5_5065-1536x1025.jpg 1536w, https:\/\/www.galerie.litomysl.cz\/wp-content\/uploads\/R5_5065-scaled.jpg 2048w\" sizes=\"(max-width: 800px) 100vw, 800px\" \/><\/a>\n\t\t\t<\/div><\/figure><figure class='gallery-item'>\n\t\t\t<div class='gallery-icon landscape'>\n\t\t\t\t<a href='https:\/\/www.galerie.litomysl.cz\/de\/event\/staedtische-bildergalerie-neu\/attachment\/_r5_5055-2\/'><img loading=\"lazy\" decoding=\"async\" width=\"800\" height=\"534\" src=\"https:\/\/www.galerie.litomysl.cz\/wp-content\/uploads\/R5_5055-1024x683.jpg\" class=\"attachment-large size-large\" alt=\"\" srcset=\"https:\/\/www.galerie.litomysl.cz\/wp-content\/uploads\/R5_5055-1024x683.jpg 1024w, https:\/\/www.galerie.litomysl.cz\/wp-content\/uploads\/R5_5055-300x200.jpg 300w, https:\/\/www.galerie.litomysl.cz\/wp-content\/uploads\/R5_5055-768x512.jpg 768w, https:\/\/www.galerie.litomysl.cz\/wp-content\/uploads\/R5_5055-1536x1025.jpg 1536w, https:\/\/www.galerie.litomysl.cz\/wp-content\/uploads\/R5_5055-scaled.jpg 2048w\" sizes=\"(max-width: 800px) 100vw, 800px\" \/><\/a>\n\t\t\t<\/div><\/figure>\n\t\t<\/div>\n\n","protected":false},"excerpt":{"rendered":"<p>F\u00fchrung durch die neue Gem\u00e4ldegalerie. <\/p>\n","protected":false},"author":7,"featured_media":0,"comment_status":"closed","ping_status":"closed","template":"","meta":{"inline_featured_image":false,"_tribe_events_status":"","_tribe_events_status_reason":"","footnotes":""},"tags":[],"tribe_events_cat":[80],"acf":[],"yoast_head":"<!-- This site is optimized with the Yoast SEO plugin v21.4 - https:\/\/yoast.com\/wordpress\/plugins\/seo\/ -->\n<title>St\u00e4dtische Bildergalerie NEU - M\u011bstsk\u00e1 galerie Litomy\u0161l<\/title>\n<meta name=\"robots\" content=\"index, follow, max-snippet:-1, max-image-preview:large, max-video-preview:-1\" \/>\n<link rel=\"canonical\" href=\"https:\/\/www.galerie.litomysl.cz\/event\/staedtische-bildergalerie-neu\/\" \/>\n<meta property=\"og:locale\" content=\"de_DE\" \/>\n<meta property=\"og:type\" content=\"article\" \/>\n<meta property=\"og:title\" content=\"St\u00e4dtische Bildergalerie NEU - M\u011bstsk\u00e1 galerie Litomy\u0161l\" \/>\n<meta property=\"og:description\" content=\"F\u00fchrung durch die neue Gem\u00e4ldegalerie.\" \/>\n<meta property=\"og:url\" content=\"https:\/\/www.galerie.litomysl.cz\/event\/staedtische-bildergalerie-neu\/\" \/>\n<meta property=\"og:site_name\" content=\"M\u011bstsk\u00e1 galerie Litomy\u0161l\" \/>\n<meta property=\"og:image\" content=\"https:\/\/www.galerie.litomysl.cz\/wp-content\/uploads\/R5_5218-1024x683.jpg\" \/>\n<meta name=\"twitter:card\" content=\"summary_large_image\" \/>\n<script type=\"application\/ld+json\" class=\"yoast-schema-graph\">{\"@context\":\"https:\/\/schema.org\",\"@graph\":[{\"@type\":\"WebPage\",\"@id\":\"https:\/\/www.galerie.litomysl.cz\/event\/staedtische-bildergalerie-neu\/\",\"url\":\"https:\/\/www.galerie.litomysl.cz\/event\/staedtische-bildergalerie-neu\/\",\"name\":\"St\u00e4dtische Bildergalerie NEU - M\u011bstsk\u00e1 galerie Litomy\u0161l\",\"isPartOf\":{\"@id\":\"https:\/\/www.galerie.litomysl.cz\/#website\"},\"datePublished\":\"2024-08-22T09:26:00+00:00\",\"dateModified\":\"2024-08-22T09:26:00+00:00\",\"breadcrumb\":{\"@id\":\"https:\/\/www.galerie.litomysl.cz\/event\/staedtische-bildergalerie-neu\/#breadcrumb\"},\"inLanguage\":\"de\",\"potentialAction\":[{\"@type\":\"ReadAction\",\"target\":[\"https:\/\/www.galerie.litomysl.cz\/event\/staedtische-bildergalerie-neu\/\"]}]},{\"@type\":\"BreadcrumbList\",\"@id\":\"https:\/\/www.galerie.litomysl.cz\/event\/staedtische-bildergalerie-neu\/#breadcrumb\",\"itemListElement\":[{\"@type\":\"ListItem\",\"position\":1,\"name\":\"Dom\u016f\",\"item\":\"https:\/\/www.galerie.litomysl.cz\/de\/\"},{\"@type\":\"ListItem\",\"position\":2,\"name\":\"Akce\",\"item\":\"https:\/\/www.galerie.litomysl.cz\/events\/\"},{\"@type\":\"ListItem\",\"position\":3,\"name\":\"St\u00e4dtische Bildergalerie NEU\"}]},{\"@type\":\"WebSite\",\"@id\":\"https:\/\/www.galerie.litomysl.cz\/#website\",\"url\":\"https:\/\/www.galerie.litomysl.cz\/\",\"name\":\"M\u011bstsk\u00e1 galerie Litomy\u0161l\",\"description\":\"\",\"publisher\":{\"@id\":\"https:\/\/www.galerie.litomysl.cz\/#organization\"},\"potentialAction\":[{\"@type\":\"SearchAction\",\"target\":{\"@type\":\"EntryPoint\",\"urlTemplate\":\"https:\/\/www.galerie.litomysl.cz\/?s={search_term_string}\"},\"query-input\":\"required name=search_term_string\"}],\"inLanguage\":\"de\"},{\"@type\":\"Organization\",\"@id\":\"https:\/\/www.galerie.litomysl.cz\/#organization\",\"name\":\"M\u011bstsk\u00e1 galerie Litomy\u0161l\",\"url\":\"https:\/\/www.galerie.litomysl.cz\/\",\"logo\":{\"@type\":\"ImageObject\",\"inLanguage\":\"de\",\"@id\":\"https:\/\/www.galerie.litomysl.cz\/#\/schema\/logo\/image\/\",\"url\":\"https:\/\/www.galerie.litomysl.cz\/wp-content\/uploads\/MGL-logo-c..svg\",\"contentUrl\":\"https:\/\/www.galerie.litomysl.cz\/wp-content\/uploads\/MGL-logo-c..svg\",\"width\":212,\"height\":136,\"caption\":\"M\u011bstsk\u00e1 galerie Litomy\u0161l\"},\"image\":{\"@id\":\"https:\/\/www.galerie.litomysl.cz\/#\/schema\/logo\/image\/\"}}]}<\/script>\n<!-- \/ Yoast SEO plugin. -->","yoast_head_json":{"title":"St\u00e4dtische Bildergalerie NEU - M\u011bstsk\u00e1 galerie Litomy\u0161l","robots":{"index":"index","follow":"follow","max-snippet":"max-snippet:-1","max-image-preview":"max-image-preview:large","max-video-preview":"max-video-preview:-1"},"canonical":"https:\/\/www.galerie.litomysl.cz\/event\/staedtische-bildergalerie-neu\/","og_locale":"de_DE","og_type":"article","og_title":"St\u00e4dtische Bildergalerie NEU - M\u011bstsk\u00e1 galerie Litomy\u0161l","og_description":"F\u00fchrung durch die neue Gem\u00e4ldegalerie.","og_url":"https:\/\/www.galerie.litomysl.cz\/event\/staedtische-bildergalerie-neu\/","og_site_name":"M\u011bstsk\u00e1 galerie Litomy\u0161l","og_image":[{"url":"https:\/\/www.galerie.litomysl.cz\/wp-content\/uploads\/R5_5218-1024x683.jpg"}],"twitter_card":"summary_large_image","schema":{"@context":"https:\/\/schema.org","@graph":[{"@type":"WebPage","@id":"https:\/\/www.galerie.litomysl.cz\/event\/staedtische-bildergalerie-neu\/","url":"https:\/\/www.galerie.litomysl.cz\/event\/staedtische-bildergalerie-neu\/","name":"St\u00e4dtische Bildergalerie NEU - M\u011bstsk\u00e1 galerie Litomy\u0161l","isPartOf":{"@id":"https:\/\/www.galerie.litomysl.cz\/#website"},"datePublished":"2024-08-22T09:26:00+00:00","dateModified":"2024-08-22T09:26:00+00:00","breadcrumb":{"@id":"https:\/\/www.galerie.litomysl.cz\/event\/staedtische-bildergalerie-neu\/#breadcrumb"},"inLanguage":"de","potentialAction":[{"@type":"ReadAction","target":["https:\/\/www.galerie.litomysl.cz\/event\/staedtische-bildergalerie-neu\/"]}]},{"@type":"BreadcrumbList","@id":"https:\/\/www.galerie.litomysl.cz\/event\/staedtische-bildergalerie-neu\/#breadcrumb","itemListElement":[{"@type":"ListItem","position":1,"name":"Dom\u016f","item":"https:\/\/www.galerie.litomysl.cz\/de\/"},{"@type":"ListItem","position":2,"name":"Akce","item":"https:\/\/www.galerie.litomysl.cz\/events\/"},{"@type":"ListItem","position":3,"name":"St\u00e4dtische Bildergalerie NEU"}]},{"@type":"WebSite","@id":"https:\/\/www.galerie.litomysl.cz\/#website","url":"https:\/\/www.galerie.litomysl.cz\/","name":"M\u011bstsk\u00e1 galerie Litomy\u0161l","description":"","publisher":{"@id":"https:\/\/www.galerie.litomysl.cz\/#organization"},"potentialAction":[{"@type":"SearchAction","target":{"@type":"EntryPoint","urlTemplate":"https:\/\/www.galerie.litomysl.cz\/?s={search_term_string}"},"query-input":"required name=search_term_string"}],"inLanguage":"de"},{"@type":"Organization","@id":"https:\/\/www.galerie.litomysl.cz\/#organization","name":"M\u011bstsk\u00e1 galerie Litomy\u0161l","url":"https:\/\/www.galerie.litomysl.cz\/","logo":{"@type":"ImageObject","inLanguage":"de","@id":"https:\/\/www.galerie.litomysl.cz\/#\/schema\/logo\/image\/","url":"https:\/\/www.galerie.litomysl.cz\/wp-content\/uploads\/MGL-logo-c..svg","contentUrl":"https:\/\/www.galerie.litomysl.cz\/wp-content\/uploads\/MGL-logo-c..svg","width":212,"height":136,"caption":"M\u011bstsk\u00e1 galerie Litomy\u0161l"},"image":{"@id":"https:\/\/www.galerie.litomysl.cz\/#\/schema\/logo\/image\/"}}]}},"_links":{"self":[{"href":"https:\/\/www.galerie.litomysl.cz\/de\/wp-json\/wp\/v2\/tribe_events\/12593"}],"collection":[{"href":"https:\/\/www.galerie.litomysl.cz\/de\/wp-json\/wp\/v2\/tribe_events"}],"about":[{"href":"https:\/\/www.galerie.litomysl.cz\/de\/wp-json\/wp\/v2\/types\/tribe_events"}],"author":[{"embeddable":true,"href":"https:\/\/www.galerie.litomysl.cz\/de\/wp-json\/wp\/v2\/users\/7"}],"replies":[{"embeddable":true,"href":"https:\/\/www.galerie.litomysl.cz\/de\/wp-json\/wp\/v2\/comments?post=12593"}],"version-history":[{"count":0,"href":"https:\/\/www.galerie.litomysl.cz\/de\/wp-json\/wp\/v2\/tribe_events\/12593\/revisions"}],"wp:attachment":[{"href":"https:\/\/www.galerie.litomysl.cz\/de\/wp-json\/wp\/v2\/media?parent=12593"}],"wp:term":[{"taxonomy":"post_tag","embeddable":true,"href":"https:\/\/www.galerie.litomysl.cz\/de\/wp-json\/wp\/v2\/tags?post=12593"},{"taxonomy":"tribe_events_cat","embeddable":true,"href":"https:\/\/www.galerie.litomysl.cz\/de\/wp-json\/wp\/v2\/tribe_events_cat?post=12593"}],"curies":[{"name":"wp","href":"https:\/\/api.w.org\/{rel}","templated":true}]}}