{"id":8330,"date":"2023-11-27T11:58:08","date_gmt":"2023-11-27T10:58:08","guid":{"rendered":"https:\/\/www.galerie.litomysl.cz\/stadtgalerie-litomysl\/"},"modified":"2024-03-11T10:14:38","modified_gmt":"2024-03-11T09:14:38","slug":"stadtgalerie-litomysl","status":"publish","type":"page","link":"https:\/\/www.galerie.litomysl.cz\/de\/stadtgalerie-litomysl\/","title":{"rendered":"Stadtgalerie Litomy\u0161l"},"content":{"rendered":"\t\t<div data-elementor-type=\"wp-page\" data-elementor-id=\"8330\" class=\"elementor elementor-8330 elementor-567\">\n\t\t\t\t\t\t<div class=\"elementor-inner\">\n\t\t\t\t<div class=\"elementor-section-wrap\">\n\t\t\t\t\t\t\t\t\t<section data-particle_enable=\"false\" data-particle-mobile-disabled=\"false\" class=\"elementor-section elementor-top-section elementor-element elementor-element-3ffa05a elementor-section-full_width elementor-section-height-default elementor-section-height-default\" data-id=\"3ffa05a\" data-element_type=\"section\" data-settings=\"{&quot;background_background&quot;:&quot;classic&quot;}\">\n\t\t\t\t\t\t<div class=\"elementor-container elementor-column-gap-default\">\n\t\t\t\t\t\t\t<div class=\"elementor-row\">\n\t\t\t\t\t<div class=\"ob-is-pseudo elementor-column elementor-col-100 elementor-top-column elementor-element elementor-element-2d462cf bg-title*\" data-id=\"2d462cf\" data-element_type=\"column\" data-settings=\"{&quot;_ob_column_has_pseudo&quot;:&quot;yes&quot;}\">\n\t\t\t<div class=\"elementor-column-wrap elementor-element-populated\">\n\t\t\t\t\t\t\t<div class=\"elementor-widget-wrap\">\n\t\t\t\t\t\t<section data-particle_enable=\"false\" data-particle-mobile-disabled=\"false\" class=\"elementor-section elementor-inner-section elementor-element elementor-element-113f5ae elementor-section-full_width elementor-section-height-default elementor-section-height-default\" data-id=\"113f5ae\" data-element_type=\"section\">\n\t\t\t\t\t\t<div class=\"elementor-container elementor-column-gap-default\">\n\t\t\t\t\t\t\t<div class=\"elementor-row\">\n\t\t\t\t\t<div class=\"elementor-column elementor-col-50 elementor-inner-column elementor-element elementor-element-df032f5 before-none \" data-id=\"df032f5\" data-element_type=\"column\" data-settings=\"{&quot;_ob_column_has_pseudo&quot;:&quot;no&quot;}\">\n\t\t\t<div class=\"elementor-column-wrap elementor-element-populated\">\n\t\t\t\t\t\t\t<div class=\"elementor-widget-wrap\">\n\t\t\t\t\t\t<div class=\"elementor-element elementor-element-6bace11 elementor-widget elementor-widget-shortcode\" data-id=\"6bace11\" data-element_type=\"widget\" data-widget_type=\"shortcode.default\">\n\t\t\t\t<div class=\"elementor-widget-container\">\n\t\t\t\t\t<div class=\"elementor-shortcode\">\n<div class=\"obal-aktualni-projekty\"><div postid=\"16765\" class=\"sub-projekt main-projekt\">\n<a href=\"https:\/\/www.galerie.litomysl.cz\/de\/100-jahre\/100-jahre-der-galerie\">\n<div style=\"background-image: url('https:\/\/www.galerie.litomysl.cz\/wp-content\/uploads\/1940.png');\" class=\"projekt-hl-vystava\">\n<p style=\"background-color:#556B2F\" class=\"hl-vystava-rubrika-vystava\">100 Jahre<\/p>\n<div class=\"wx-hl-text\"><h1 class=\"projekt-nadpis\">100 Jahre der Galerie<\/h1>\n<p class=\"projekt-popis\"><\/p><\/div>\n<p class=\"hl-vystava-cist-vice\">Mehr zur Ausstellung&nbsp;<img decoding=\"async\" src=\"https:\/\/www.galerie.litomysl.cz\/wp-content\/plugins\/wx-shortcodes\/img\/more.png\" class=\"mala-sipka\"><\/p>\n<\/div>\n<\/a>\n<\/div>\n\n<div postid=\"15879\" class=\"sub-projekt\">\n<a href=\"https:\/\/www.galerie.litomysl.cz\/de\/workshop-de\/werkstatt-fuer-schmuckherstellung\">\n<div style=\"background-image: url('https:\/\/www.galerie.litomysl.cz\/wp-content\/uploads\/22-IMG_2134.jpg');\" class=\"projekt\">\n<p style=\"background-color:#556B2F\" class=\"vystava-rubrika-vystava\">Workshop<\/p>\n<div class=\"wx-text\"><h3 class=\"projekt-nadpis\">Workshop zur Schmuckherstellung<\/h3>\n<p class=\"projekt-popis\"><\/p><\/div>\n<p class=\"cist-vice\">&nbsp;<img decoding=\"async\" src=\"https:\/\/www.galerie.litomysl.cz\/wp-content\/plugins\/wx-shortcodes\/img\/more.png\" class=\"mala-sipka\"><\/p>\n<img decoding=\"async\" src=\"https:\/\/www.galerie.litomysl.cz\/wp-content\/uploads\/sipka-vystavy.png\" class=\"sipka\">\n<\/div>\n<\/a>\n<\/div>\n\n<div postid=\"13243\" class=\"sub-projekt\">\n<a href=\"https:\/\/www.galerie.litomysl.cz\/de\/projekt-de\/umeni-hudba-a-veda\">\n<div style=\"background-image: url('https:\/\/www.galerie.litomysl.cz\/wp-content\/uploads\/Emil_Votocek-scaled-e1744143251585.jpg');\" class=\"projekt\">\n<p style=\"background-color:#556B2F\" class=\"vystava-rubrika-vystava\">Projekt<\/p>\n<div class=\"wx-text\"><h3 class=\"projekt-nadpis\">Kunst, Musik und Wissenschaft<\/h3>\n<p class=\"projekt-popis\"><\/p><\/div>\n<p class=\"cist-vice\">&nbsp;<img decoding=\"async\" src=\"https:\/\/www.galerie.litomysl.cz\/wp-content\/plugins\/wx-shortcodes\/img\/more.png\" class=\"mala-sipka\"><\/p>\n<img decoding=\"async\" src=\"https:\/\/www.galerie.litomysl.cz\/wp-content\/uploads\/sipka-vystavy.png\" class=\"sipka\">\n<\/div>\n<\/a>\n<\/div>\n\n<div postid=\"11062\" class=\"sub-projekt\">\n<a href=\"https:\/\/www.galerie.litomysl.cz\/de\/architektur\/litomysl-architekturhandbuch\">\n<div style=\"background-image: url('https:\/\/www.galerie.litomysl.cz\/wp-content\/uploads\/142_8a8bd23e66.jpg');\" class=\"projekt\">\n<p style=\"background-color:#000000\" class=\"vystava-rubrika-vystava\">Architektur<\/p>\n<div class=\"wx-text\"><h3 class=\"projekt-nadpis\">Litomy\u0161l Architekturhandbuch<\/h3>\n<p class=\"projekt-popis\"><\/p><\/div>\n<p class=\"cist-vice\">&nbsp;<img decoding=\"async\" src=\"https:\/\/www.galerie.litomysl.cz\/wp-content\/plugins\/wx-shortcodes\/img\/more.png\" class=\"mala-sipka\"><\/p>\n<img decoding=\"async\" src=\"https:\/\/www.galerie.litomysl.cz\/wp-content\/uploads\/sipka-vystavy.png\" class=\"sipka\">\n<\/div>\n<\/a>\n<\/div>\n\n<div postid=\"11060\" class=\"sub-projekt\">\n<a href=\"https:\/\/www.galerie.litomysl.cz\/de\/architektur\/lamte-deinen-kopf-in-das-architekturhandbuch\">\n<div style=\"background-image: url('https:\/\/www.galerie.litomysl.cz\/wp-content\/uploads\/bwIMG202304021836123-1-1024x772-1.jpg');\" class=\"projekt\">\n<p style=\"background-color:#556B2F\" class=\"vystava-rubrika-vystava\">Architektur<\/p>\n<div class=\"wx-text\"><h3 class=\"projekt-nadpis\">LAMte deinen Kopf in das Architekturhandbuch!<\/h3>\n<p class=\"projekt-popis\"><\/p><\/div>\n<p class=\"cist-vice\">&nbsp;<img decoding=\"async\" src=\"https:\/\/www.galerie.litomysl.cz\/wp-content\/plugins\/wx-shortcodes\/img\/more.png\" class=\"mala-sipka\"><\/p>\n<img decoding=\"async\" src=\"https:\/\/www.galerie.litomysl.cz\/wp-content\/uploads\/sipka-vystavy.png\" class=\"sipka\">\n<\/div>\n<\/a>\n<\/div>\n\n<div postid=\"10925\" class=\"sub-projekt\">\n<a href=\"https:\/\/www.galerie.litomysl.cz\/de\/ausstellungskatalog\/ein-stueck-der-welt-von-vaclav-machan\">\n<div style=\"background-image: url('https:\/\/www.galerie.litomysl.cz\/wp-content\/uploads\/Pages-from-korektura_22_11_MGL_Machan_170x240_rozhozeni_stran_22112023-scaled.jpg');\" class=\"projekt\">\n<p style=\"background-color:#556B2F\" class=\"vystava-rubrika-vystava\">Ausstellungskatalog<\/p>\n<div class=\"wx-text\"><h3 class=\"projekt-nadpis\">Ein St\u00fcck der Welt von V\u00e1clav Mach\u00e1\u0148<\/h3>\n<p class=\"projekt-popis\"><\/p><\/div>\n<p class=\"cist-vice\">&nbsp;<img decoding=\"async\" src=\"https:\/\/www.galerie.litomysl.cz\/wp-content\/plugins\/wx-shortcodes\/img\/more.png\" class=\"mala-sipka\"><\/p>\n<img decoding=\"async\" src=\"https:\/\/www.galerie.litomysl.cz\/wp-content\/uploads\/sipka-vystavy.png\" class=\"sipka\">\n<\/div>\n<\/a>\n<\/div>\n<\/div>\n<\/div>\n\t\t\t\t<\/div>\n\t\t\t\t<\/div>\n\t\t\t\t\t\t<\/div>\n\t\t\t\t\t<\/div>\n\t\t<\/div>\n\t\t\t\t<div class=\"elementor-column elementor-col-50 elementor-inner-column elementor-element elementor-element-3994d1e main-calendar before-none\" data-id=\"3994d1e\" data-element_type=\"column\" data-settings=\"{&quot;_ob_column_has_pseudo&quot;:&quot;no&quot;}\">\n\t\t\t<div class=\"elementor-column-wrap elementor-element-populated\">\n\t\t\t\t\t\t\t<div class=\"elementor-widget-wrap\">\n\t\t\t\t\t\t<div class=\"elementor-element elementor-element-ba4259b elementor-invisible elementor-widget elementor-widget-shortcode\" data-id=\"ba4259b\" data-element_type=\"widget\" data-settings=\"{&quot;_animation&quot;:&quot;fadeInRight&quot;}\" data-widget_type=\"shortcode.default\">\n\t\t\t\t<div class=\"elementor-widget-container\">\n\t\t\t\t\t<div class=\"elementor-shortcode\"><div class=\"wx-events-list\"><div class=\"month\">\n<h3 class=\"callendar-month\">\nJUNI\n<\/h3>\n<\/div>\n<div class=\"celek\"><a href=\"https:\/\/www.galerie.litomysl.cz\/de\/event\/jaroslav-rona-stille-und-mythen\"><div class=\"clm-1\"><h2 class=\"datum-cislo\">13<\/h2><h5 class=\"datum-zbytek\"><br>Samstag \/ 15:00<\/h5><\/div><div class=\"clm-2\"><h3 class=\"calendar-tit\">Jaroslav R\u00f3na. Stille und Mythen<\/h3>\n<p class=\"calendar-popis\">Er\u00f6ffnung der Open-Air-Ausstellung.<\/p>\n<h4 class=\"calendar-category\">Er\u00f6ffnung der Ausstellung<\/h4><\/div>\n<\/div><\/a>\n<div class=\"celek\"><a href=\"https:\/\/www.galerie.litomysl.cz\/de\/event\/natura\"><div class=\"clm-1\"><h2 class=\"datum-cislo\">14<\/h2><h5 class=\"datum-zbytek\"><br>Sonntag \/ 10:00<\/h5><\/div><div class=\"clm-2\"><h3 class=\"calendar-tit\">NATURA<\/h3>\n<p class=\"calendar-popis\">Das Festivalthema \"Natur\" durch die Augen der Studenten des Schmuckdesignstudios der T. Bata Universit\u00e4t in Zl\u00edn.<\/p>\n<h4 class=\"calendar-category\">Er\u00f6ffnung der Ausstellung<\/h4><\/div>\n<\/div><\/a>\n<div class=\"celek\"><a href=\"https:\/\/www.galerie.litomysl.cz\/de\/event\/es-gibt-mehr-varianten\"><div class=\"clm-1\"><h2 class=\"datum-cislo\">14<\/h2><h5 class=\"datum-zbytek\"><br>Sonntag \/ 10:00<\/h5><\/div><div class=\"clm-2\"><h3 class=\"calendar-tit\">Es gibt mehr Varianten<\/h3>\n<p class=\"calendar-popis\">Die Ausstellung in der St\u00e4dtischen Gem\u00e4ldegalerie verbindet die Portr\u00e4tmalerei des 19. Jahrhunderts aus der Sammlung der St\u00e4dtischen...<\/p>\n<h4 class=\"calendar-category\">Er\u00f6ffnung der Ausstellung<\/h4><\/div>\n<\/div><\/a>\n<div class=\"celek\"><a href=\"https:\/\/www.galerie.litomysl.cz\/de\/event\/ausserhalb-von-ostrale\"><div class=\"clm-1\"><h2 class=\"datum-cislo\">14<\/h2><h5 class=\"datum-zbytek\"><br>Sonntag \/ 15:00<\/h5><\/div><div class=\"clm-2\"><h3 class=\"calendar-tit\">Out of Ostrale<\/h3>\n<p class=\"calendar-popis\">Er\u00f6ffnung der Ausstellung Out of Ostrale im Roten Turm.<\/p>\n<h4 class=\"calendar-category\">Er\u00f6ffnung der Ausstellung<\/h4><\/div>\n<\/div><\/a>\n<\/div><\/div>\n\t\t\t\t<\/div>\n\t\t\t\t<\/div>\n\t\t\t\t\t\t<\/div>\n\t\t\t\t\t<\/div>\n\t\t<\/div>\n\t\t\t\t\t\t\t\t<\/div>\n\t\t\t\t\t<\/div>\n\t\t<\/section>\n\t\t\t\t\t\t<\/div>\n\t\t\t\t\t<\/div>\n\t\t<\/div>\n\t\t\t\t\t\t\t\t<\/div>\n\t\t\t\t\t<\/div>\n\t\t<\/section>\n\t\t\t\t<section data-particle_enable=\"false\" data-particle-mobile-disabled=\"false\" class=\"elementor-section elementor-top-section elementor-element elementor-element-7d91f0e elementor-section-height-min-height elementor-section-full_width bg-title banner-title-mid elementor-hidden-desktop elementor-hidden-tablet elementor-hidden-mobile elementor-section-height-default elementor-section-items-middle\" data-id=\"7d91f0e\" data-element_type=\"section\" data-settings=\"{&quot;background_background&quot;:&quot;classic&quot;}\">\n\t\t\t\t\t\t<div class=\"elementor-container elementor-column-gap-default\">\n\t\t\t\t\t\t\t<div class=\"elementor-row\">\n\t\t\t\t\t<div class=\"elementor-column elementor-col-50 elementor-top-column elementor-element elementor-element-e2d5900\" data-id=\"e2d5900\" data-element_type=\"column\" data-settings=\"{&quot;_ob_column_has_pseudo&quot;:&quot;no&quot;}\">\n\t\t\t<div class=\"elementor-column-wrap elementor-element-populated\">\n\t\t\t\t\t\t\t<div class=\"elementor-widget-wrap\">\n\t\t\t\t\t\t\t\t<\/div>\n\t\t\t\t\t<\/div>\n\t\t<\/div>\n\t\t\t\t<div class=\"elementor-column elementor-col-50 elementor-top-column elementor-element elementor-element-e3131f9 main-calendar\" data-id=\"e3131f9\" data-element_type=\"column\" data-settings=\"{&quot;_ob_column_has_pseudo&quot;:&quot;no&quot;}\">\n\t\t\t<div class=\"elementor-column-wrap elementor-element-populated\">\n\t\t\t\t\t\t\t<div class=\"elementor-widget-wrap\">\n\t\t\t\t\t\t<div class=\"elementor-element elementor-element-6686fb6 elementor-invisible elementor-widget elementor-widget-shortcode\" data-id=\"6686fb6\" data-element_type=\"widget\" data-settings=\"{&quot;_animation&quot;:&quot;fadeInRight&quot;}\" data-widget_type=\"shortcode.default\">\n\t\t\t\t<div class=\"elementor-widget-container\">\n\t\t\t\t\t<div class=\"elementor-shortcode\"><div class=\"wx-events-list\"><div class=\"month\">\n<h3 class=\"callendar-month\">\nJUNI\n<\/h3>\n<\/div>\n<div class=\"celek\"><a href=\"https:\/\/www.galerie.litomysl.cz\/de\/event\/jaroslav-rona-stille-und-mythen\"><div class=\"clm-1\"><h2 class=\"datum-cislo\">13<\/h2><h5 class=\"datum-zbytek\"><br>Samstag \/ 15:00<\/h5><\/div><div class=\"clm-2\"><h3 class=\"calendar-tit\">Jaroslav R\u00f3na. Stille und Mythen<\/h3>\n<p class=\"calendar-popis\">Er\u00f6ffnung der Open-Air-Ausstellung.<\/p>\n<h4 class=\"calendar-category\">Er\u00f6ffnung der Ausstellung<\/h4><\/div>\n<\/div><\/a>\n<div class=\"celek\"><a href=\"https:\/\/www.galerie.litomysl.cz\/de\/event\/natura\"><div class=\"clm-1\"><h2 class=\"datum-cislo\">14<\/h2><h5 class=\"datum-zbytek\"><br>Sonntag \/ 10:00<\/h5><\/div><div class=\"clm-2\"><h3 class=\"calendar-tit\">NATURA<\/h3>\n<p class=\"calendar-popis\">Das Festivalthema \"Natur\" durch die Augen der Studenten des Schmuckdesignstudios der T. Bata Universit\u00e4t in Zl\u00edn.<\/p>\n<h4 class=\"calendar-category\">Er\u00f6ffnung der Ausstellung<\/h4><\/div>\n<\/div><\/a>\n<div class=\"celek\"><a href=\"https:\/\/www.galerie.litomysl.cz\/de\/event\/es-gibt-mehr-varianten\"><div class=\"clm-1\"><h2 class=\"datum-cislo\">14<\/h2><h5 class=\"datum-zbytek\"><br>Sonntag \/ 10:00<\/h5><\/div><div class=\"clm-2\"><h3 class=\"calendar-tit\">Es gibt mehr Varianten<\/h3>\n<p class=\"calendar-popis\">Die Ausstellung in der St\u00e4dtischen Gem\u00e4ldegalerie verbindet die Portr\u00e4tmalerei des 19. Jahrhunderts aus der Sammlung der St\u00e4dtischen...<\/p>\n<h4 class=\"calendar-category\">Er\u00f6ffnung der Ausstellung<\/h4><\/div>\n<\/div><\/a>\n<div class=\"celek\"><a href=\"https:\/\/www.galerie.litomysl.cz\/de\/event\/ausserhalb-von-ostrale\"><div class=\"clm-1\"><h2 class=\"datum-cislo\">14<\/h2><h5 class=\"datum-zbytek\"><br>Sonntag \/ 15:00<\/h5><\/div><div class=\"clm-2\"><h3 class=\"calendar-tit\">Out of Ostrale<\/h3>\n<p class=\"calendar-popis\">Er\u00f6ffnung der Ausstellung Out of Ostrale im Roten Turm.<\/p>\n<h4 class=\"calendar-category\">Er\u00f6ffnung der Ausstellung<\/h4><\/div>\n<\/div><\/a>\n<\/div><\/div>\n\t\t\t\t<\/div>\n\t\t\t\t<\/div>\n\t\t\t\t<div class=\"elementor-element elementor-element-041cdd0 elementor-hidden-desktop elementor-hidden-tablet elementor-hidden-mobile elementor-invisible elementor-widget elementor-widget-html\" data-id=\"041cdd0\" data-element_type=\"widget\" data-settings=\"{&quot;_animation&quot;:&quot;fadeInUp&quot;}\" data-widget_type=\"html.default\">\n\t\t\t\t<div class=\"elementor-widget-container\">\n\t\t\t<div class=\"clm-1\">\n<div class=\"datum\">\n<h2 class=\"datum-cislo\">\n9  \n<\/h2>    \n<h5 class=\"datum-zbytek\">\n<b>Januar<\/b> <br>\nFreitag \/ 8:00\n<\/h5>\n<\/div>\n<h4 class=\"calendar-category\">\nGALERIE F\u00dcR KINDER \n<\/h4>\n<\/div>\n<div class=\"clm-2\">\n<h3 class=\"calendar-tit\">\nLOREM IPSUM DOLOR SIT AMET\n<\/h3>\n<p class=\"calendar-popis\">\nLorem ipsum dolor sit amet, consectetuer adipiscing elit. Integer und sapien. Cum sociis natoque penatibus e.\n<\/p>\n<\/div>\t\t<\/div>\n\t\t\t\t<\/div>\n\t\t\t\t<div class=\"elementor-element elementor-element-58a5a47 elementor-hidden-desktop elementor-hidden-tablet elementor-hidden-mobile elementor-invisible elementor-widget elementor-widget-html\" data-id=\"58a5a47\" data-element_type=\"widget\" data-settings=\"{&quot;_animation&quot;:&quot;fadeInUp&quot;}\" data-widget_type=\"html.default\">\n\t\t\t\t<div class=\"elementor-widget-container\">\n\t\t\t<div class=\":celek:\">\n<div class=\"clm-1\">\n<div class=\"datum\">\n<h2 class=\"datum-cislo\">\n18  \n<\/h2>    \n<h5 class=\"datum-zbytek\">\n<b>Januar<\/b> <br>\nFreitag \/ 8:00\n<\/h5>\n<\/div>\n<h4 class=\"calendar-category\">\nGALERIE F\u00dcR KINDER \n<\/h4>\n<\/div>\n<div class=\"clm-2\">\n<h3 class=\"calendar-tit\">\nLOREM IPSUM DOLOR SIT AMET\n<\/h3>\n<p class=\"calendar-popis\">\nLorem ipsum dolor sit amet, consectetuer adipiscing elit. Integer und sapien. Cum sociis natoque penatibus e.\n<\/p>\n<\/div>\n<\/div>\t\t<\/div>\n\t\t\t\t<\/div>\n\t\t\t\t<div class=\"elementor-element elementor-element-010a64b elementor-hidden-desktop elementor-hidden-tablet elementor-hidden-mobile elementor-invisible elementor-widget elementor-widget-html\" data-id=\"010a64b\" data-element_type=\"widget\" data-settings=\"{&quot;_animation&quot;:&quot;fadeInUp&quot;}\" data-widget_type=\"html.default\">\n\t\t\t\t<div class=\"elementor-widget-container\">\n\t\t\t<div class=\"clm-1\">\n<div class=\"datum\">\n<h2 class=\"datum-cislo\">\n21  \n<\/h2>    \n<h5 class=\"datum-zbytek\">\n<b>Januar<\/b> <br>\nFreitag \/ 8:00\n<\/h5>\n<\/div>\n<h4 class=\"calendar-category\">\nGALERIE F\u00dcR KINDER \n<\/h4>\n<\/div>\n<div class=\"clm-2\">\n<h3 class=\"calendar-tit\">\nLOREM IPSUM DOLOR SIT AMET\n<\/h3>\n<p class=\"calendar-popis\">\nLorem ipsum dolor sit amet, consectetuer adipiscing elit. Integer und sapien. Cum sociis natoque penatibus e.\n<\/p>\n\n\n<\/div>\t\t<\/div>\n\t\t\t\t<\/div>\n\t\t\t\t\t\t<\/div>\n\t\t\t\t\t<\/div>\n\t\t<\/div>\n\t\t\t\t\t\t\t\t<\/div>\n\t\t\t\t\t<\/div>\n\t\t<\/section>\n\t\t\t\t<section data-particle_enable=\"false\" data-particle-mobile-disabled=\"false\" class=\"elementor-section elementor-top-section elementor-element elementor-element-da528df main-color second-part klub-pratel elementor-section-boxed elementor-section-height-default elementor-section-height-default\" data-id=\"da528df\" data-element_type=\"section\" data-settings=\"{&quot;background_background&quot;:&quot;classic&quot;}\">\n\t\t\t\t\t\t<div class=\"elementor-container elementor-column-gap-default\">\n\t\t\t\t\t\t\t<div class=\"elementor-row\">\n\t\t\t\t\t<div class=\"elementor-column elementor-col-100 elementor-top-column elementor-element elementor-element-332ef05 elementor-invisible\" data-id=\"332ef05\" data-element_type=\"column\" data-settings=\"{&quot;animation&quot;:&quot;fadeInUp&quot;,&quot;_ob_column_has_pseudo&quot;:&quot;no&quot;}\">\n\t\t\t<div class=\"elementor-column-wrap elementor-element-populated\">\n\t\t\t\t\t\t\t<div class=\"elementor-widget-wrap\">\n\t\t\t\t\t\t<div class=\"elementor-element elementor-element-a344675 link link--carme elementor-widget elementor-widget-text-editor\" data-id=\"a344675\" data-element_type=\"widget\" data-settings=\"{&quot;_ob_postman_use&quot;:&quot;no&quot;}\" data-widget_type=\"text-editor.default\">\n\t\t\t\t<div class=\"elementor-widget-container\">\n\t\t\t\t\t\t\t\t<div class=\"elementor-text-editor elementor-clearfix\">\n\t\t\t\t<h2>woran wir arbeiten<\/h2>\n\t\t\t\t\t<\/div>\n\t\t\t\t\t\t<\/div>\n\t\t\t\t<\/div>\n\t\t\t\t<section data-particle_enable=\"false\" data-particle-mobile-disabled=\"false\" class=\"elementor-section elementor-inner-section elementor-element elementor-element-b5f5883 elementor-section-height-min-height balicek-klub elementor-section-boxed elementor-section-height-default\" data-id=\"b5f5883\" data-element_type=\"section\">\n\t\t\t\t\t\t<div class=\"elementor-container elementor-column-gap-default\">\n\t\t\t\t\t\t\t<div class=\"elementor-row\">\n\t\t\t\t\t<div class=\"elementor-column elementor-col-33 elementor-inner-column elementor-element elementor-element-95be164 elementor-invisible\" data-id=\"95be164\" data-element_type=\"column\" data-settings=\"{&quot;animation&quot;:&quot;fadeInLeft&quot;,&quot;_ob_column_has_pseudo&quot;:&quot;no&quot;}\">\n\t\t\t<div class=\"elementor-column-wrap elementor-element-populated\">\n\t\t\t\t\t\t\t<div class=\"elementor-widget-wrap\">\n\t\t\t\t\t\t<div class=\"elementor-element elementor-element-4af66a2 elementor-widget elementor-widget-text-editor\" data-id=\"4af66a2\" data-element_type=\"widget\" data-settings=\"{&quot;_ob_postman_use&quot;:&quot;no&quot;}\" data-widget_type=\"text-editor.default\">\n\t\t\t\t<div class=\"elementor-widget-container\">\n\t\t\t\t\t\t\t\t<div class=\"elementor-text-editor elementor-clearfix\">\n\t\t\t\t<h5>STANISLAV SUCHARDA IN LITOMYSL<\/h5>\n\t\t\t\t\t<\/div>\n\t\t\t\t\t\t<\/div>\n\t\t\t\t<\/div>\n\t\t\t\t<div class=\"elementor-element elementor-element-24bdf8c elementor-widget elementor-widget-text-editor\" data-id=\"24bdf8c\" data-element_type=\"widget\" data-settings=\"{&quot;_ob_postman_use&quot;:&quot;no&quot;}\" data-widget_type=\"text-editor.default\">\n\t\t\t\t<div class=\"elementor-widget-container\">\n\t\t\t\t\t\t\t\t<div class=\"elementor-text-editor elementor-clearfix\">\n\t\t\t\t<p>Zwei Sommerausstellungen zu Ehren des Autors des Palack\u00fd-Denkmals in Prag.<\/p>\n\t\t\t\t\t<\/div>\n\t\t\t\t\t\t<\/div>\n\t\t\t\t<\/div>\n\t\t\t\t<div class=\"elementor-element elementor-element-df332ab elementor-position-left elementor-view-default elementor-mobile-position-top elementor-vertical-align-top elementor-widget elementor-widget-icon-box\" data-id=\"df332ab\" data-element_type=\"widget\" data-widget_type=\"icon-box.default\">\n\t\t\t\t<div class=\"elementor-widget-container\">\n\t\t\t\t\t<div class=\"elementor-icon-box-wrapper\">\n\t\t\t\t\t\t<div class=\"elementor-icon-box-icon\">\n\t\t\t\t<span class=\"elementor-icon elementor-animation-\" >\n\t\t\t\t<svg xmlns=\"http:\/\/www.w3.org\/2000\/svg\" width=\"13\" height=\"13\" viewBox=\"0 0 13 13\" fill=\"none\"><rect y=\"4\" width=\"13\" height=\"5\" fill=\"white\"><\/rect><rect x=\"9\" width=\"13\" height=\"5\" transform=\"rotate(90 9 0)\" fill=\"white\"><\/rect><\/svg>\t\t\t\t<\/span>\n\t\t\t<\/div>\n\t\t\t\t\t\t<div class=\"elementor-icon-box-content\">\n\t\t\t\t<p class=\"elementor-icon-box-title\">\n\t\t\t\t\t<span  >\n\t\t\t\t\t\tDie Ver\u00f6ffentlichung des Katalogs wurde vom Ministerium f\u00fcr Kultur der Tschechischen Republik unterst\u00fctzt.\t\t\t\t\t<\/span>\n\t\t\t\t<\/p>\n\t\t\t\t\t\t\t<\/div>\n\t\t<\/div>\n\t\t\t\t<\/div>\n\t\t\t\t<\/div>\n\t\t\t\t<div class=\"elementor-element elementor-element-1a062ff elementor-position-left elementor-view-default elementor-mobile-position-top elementor-vertical-align-top elementor-widget elementor-widget-icon-box\" data-id=\"1a062ff\" data-element_type=\"widget\" data-widget_type=\"icon-box.default\">\n\t\t\t\t<div class=\"elementor-widget-container\">\n\t\t\t\t\t<div class=\"elementor-icon-box-wrapper\">\n\t\t\t\t\t\t<div class=\"elementor-icon-box-icon\">\n\t\t\t\t<span class=\"elementor-icon elementor-animation-\" >\n\t\t\t\t<svg xmlns=\"http:\/\/www.w3.org\/2000\/svg\" width=\"13\" height=\"13\" viewBox=\"0 0 13 13\" fill=\"none\"><rect y=\"4\" width=\"13\" height=\"5\" fill=\"white\"><\/rect><rect x=\"9\" width=\"13\" height=\"5\" transform=\"rotate(90 9 0)\" fill=\"white\"><\/rect><\/svg>\t\t\t\t<\/span>\n\t\t\t<\/div>\n\t\t\t\t\t\t<div class=\"elementor-icon-box-content\">\n\t\t\t\t<p class=\"elementor-icon-box-title\">\n\t\t\t\t\t<span  >\n\t\t\t\t\t\tDie Markteinf\u00fchrung des Katalogs findet am 18. Dezember 2023 im Haus zu den Rittern statt.\t\t\t\t\t<\/span>\n\t\t\t\t<\/p>\n\t\t\t\t\t\t\t<\/div>\n\t\t<\/div>\n\t\t\t\t<\/div>\n\t\t\t\t<\/div>\n\t\t\t\t<div class=\"elementor-element elementor-element-100ce26 elementor-absolute sipka elementor-hidden-desktop elementor-hidden-tablet elementor-hidden-mobile elementor-widget elementor-widget-text-editor\" data-id=\"100ce26\" data-element_type=\"widget\" data-settings=\"{&quot;_position&quot;:&quot;absolute&quot;,&quot;_ob_postman_use&quot;:&quot;no&quot;}\" data-widget_type=\"text-editor.default\">\n\t\t\t\t<div class=\"elementor-widget-container\">\n\t\t\t\t\t\t\t\t<div class=\"elementor-text-editor elementor-clearfix\">\n\t\t\t\t<p>&gt;<\/p>\n\t\t\t\t\t<\/div>\n\t\t\t\t\t\t<\/div>\n\t\t\t\t<\/div>\n\t\t\t\t\t\t<\/div>\n\t\t\t\t\t<\/div>\n\t\t<\/div>\n\t\t\t\t<div class=\"elementor-column elementor-col-33 elementor-inner-column elementor-element elementor-element-efb6699\" data-id=\"efb6699\" data-element_type=\"column\" data-settings=\"{&quot;_ob_column_has_pseudo&quot;:&quot;no&quot;}\">\n\t\t\t<div class=\"elementor-column-wrap elementor-element-populated\">\n\t\t\t\t\t\t\t<div class=\"elementor-widget-wrap\">\n\t\t\t\t\t\t<div class=\"elementor-element elementor-element-d5d91c0 elementor-widget elementor-widget-text-editor\" data-id=\"d5d91c0\" data-element_type=\"widget\" data-settings=\"{&quot;_ob_postman_use&quot;:&quot;no&quot;}\" data-widget_type=\"text-editor.default\">\n\t\t\t\t<div class=\"elementor-widget-container\">\n\t\t\t\t\t\t\t\t<div class=\"elementor-text-editor elementor-clearfix\">\n\t\t\t\t<h5>EINE AUSSTELLUNG \u00dcBER ZEITGEN\u00d6SSISCHE ILLUSTRATION WIRD INS LEBEN GERUFEN<\/h5>\n\t\t\t\t\t<\/div>\n\t\t\t\t\t\t<\/div>\n\t\t\t\t<\/div>\n\t\t\t\t<div class=\"elementor-element elementor-element-95c88aa elementor-widget elementor-widget-text-editor\" data-id=\"95c88aa\" data-element_type=\"widget\" data-settings=\"{&quot;_ob_postman_use&quot;:&quot;no&quot;}\" data-widget_type=\"text-editor.default\">\n\t\t\t\t<div class=\"elementor-widget-container\">\n\t\t\t\t\t\t\t\t<div class=\"elementor-text-editor elementor-clearfix\">\n\t\t\t\t<p>50 Geschichten von tschechischen und slowakischen Rebellen.<\/p>\n\t\t\t\t\t<\/div>\n\t\t\t\t\t\t<\/div>\n\t\t\t\t<\/div>\n\t\t\t\t<div class=\"elementor-element elementor-element-489cf83 elementor-position-left elementor-view-default elementor-mobile-position-top elementor-vertical-align-top elementor-widget elementor-widget-icon-box\" data-id=\"489cf83\" data-element_type=\"widget\" data-widget_type=\"icon-box.default\">\n\t\t\t\t<div class=\"elementor-widget-container\">\n\t\t\t\t\t<div class=\"elementor-icon-box-wrapper\">\n\t\t\t\t\t\t<div class=\"elementor-icon-box-icon\">\n\t\t\t\t<span class=\"elementor-icon elementor-animation-\" >\n\t\t\t\t<svg xmlns=\"http:\/\/www.w3.org\/2000\/svg\" width=\"13\" height=\"13\" viewBox=\"0 0 13 13\" fill=\"none\"><rect y=\"4\" width=\"13\" height=\"5\" fill=\"white\"><\/rect><rect x=\"9\" width=\"13\" height=\"5\" transform=\"rotate(90 9 0)\" fill=\"white\"><\/rect><\/svg>\t\t\t\t<\/span>\n\t\t\t<\/div>\n\t\t\t\t\t\t<div class=\"elementor-icon-box-content\">\n\t\t\t\t<p class=\"elementor-icon-box-title\">\n\t\t\t\t\t<span  >\n\t\t\t\t\t\tBereits 1. Im M\u00e4rz werden wir ein neues tschechisch-slowakisches Ausstellungsprojekt vorstellen. \t\t\t\t\t<\/span>\n\t\t\t\t<\/p>\n\t\t\t\t\t\t\t<\/div>\n\t\t<\/div>\n\t\t\t\t<\/div>\n\t\t\t\t<\/div>\n\t\t\t\t<div class=\"elementor-element elementor-element-2935489 elementor-position-left elementor-view-default elementor-mobile-position-top elementor-vertical-align-top elementor-widget elementor-widget-icon-box\" data-id=\"2935489\" data-element_type=\"widget\" data-widget_type=\"icon-box.default\">\n\t\t\t\t<div class=\"elementor-widget-container\">\n\t\t\t\t\t<div class=\"elementor-icon-box-wrapper\">\n\t\t\t\t\t\t<div class=\"elementor-icon-box-icon\">\n\t\t\t\t<span class=\"elementor-icon elementor-animation-\" >\n\t\t\t\t<svg xmlns=\"http:\/\/www.w3.org\/2000\/svg\" width=\"13\" height=\"13\" viewBox=\"0 0 13 13\" fill=\"none\"><rect y=\"4\" width=\"13\" height=\"5\" fill=\"white\"><\/rect><rect x=\"9\" width=\"13\" height=\"5\" transform=\"rotate(90 9 0)\" fill=\"white\"><\/rect><\/svg>\t\t\t\t<\/span>\n\t\t\t<\/div>\n\t\t\t\t\t\t<div class=\"elementor-icon-box-content\">\n\t\t\t\t<p class=\"elementor-icon-box-title\">\n\t\t\t\t\t<span  >\n\t\t\t\t\t\tDie Ausstellung pr\u00e4sentiert nicht nur au\u00dfergew\u00f6hnliche weibliche Pers\u00f6nlichkeiten, sondern auch f\u00fcnfzig Illustrationen von zeitgen\u00f6ssischen K\u00fcnstlern.\t\t\t\t\t<\/span>\n\t\t\t\t<\/p>\n\t\t\t\t\t\t\t<\/div>\n\t\t<\/div>\n\t\t\t\t<\/div>\n\t\t\t\t<\/div>\n\t\t\t\t<div class=\"elementor-element elementor-element-19d3812 elementor-absolute sipka elementor-hidden-desktop elementor-hidden-tablet elementor-hidden-mobile elementor-widget elementor-widget-text-editor\" data-id=\"19d3812\" data-element_type=\"widget\" data-settings=\"{&quot;_position&quot;:&quot;absolute&quot;,&quot;_ob_postman_use&quot;:&quot;no&quot;}\" data-widget_type=\"text-editor.default\">\n\t\t\t\t<div class=\"elementor-widget-container\">\n\t\t\t\t\t\t\t\t<div class=\"elementor-text-editor elementor-clearfix\">\n\t\t\t\t<p>&gt;<\/p>\n\t\t\t\t\t<\/div>\n\t\t\t\t\t\t<\/div>\n\t\t\t\t<\/div>\n\t\t\t\t\t\t<\/div>\n\t\t\t\t\t<\/div>\n\t\t<\/div>\n\t\t\t\t<div class=\"elementor-column elementor-col-33 elementor-inner-column elementor-element elementor-element-f37d516 elementor-invisible\" data-id=\"f37d516\" data-element_type=\"column\" data-settings=\"{&quot;animation&quot;:&quot;fadeInRight&quot;,&quot;_ob_column_has_pseudo&quot;:&quot;no&quot;}\">\n\t\t\t<div class=\"elementor-column-wrap elementor-element-populated\">\n\t\t\t\t\t\t\t<div class=\"elementor-widget-wrap\">\n\t\t\t\t\t\t<div class=\"elementor-element elementor-element-9c15d63 elementor-widget elementor-widget-text-editor\" data-id=\"9c15d63\" data-element_type=\"widget\" data-settings=\"{&quot;_ob_postman_use&quot;:&quot;no&quot;}\" data-widget_type=\"text-editor.default\">\n\t\t\t\t<div class=\"elementor-widget-container\">\n\t\t\t\t\t\t\t\t<div class=\"elementor-text-editor elementor-clearfix\">\n\t\t\t\t<h5>REKONSTRUKTION DES HAUSES BEI DEN RITTERN<\/h5>\n\t\t\t\t\t<\/div>\n\t\t\t\t\t\t<\/div>\n\t\t\t\t<\/div>\n\t\t\t\t<div class=\"elementor-element elementor-element-f2de4f7 elementor-widget elementor-widget-text-editor\" data-id=\"f2de4f7\" data-element_type=\"widget\" data-settings=\"{&quot;_ob_postman_use&quot;:&quot;no&quot;}\" data-widget_type=\"text-editor.default\">\n\t\t\t\t<div class=\"elementor-widget-container\">\n\t\t\t\t\t\t\t\t<div class=\"elementor-text-editor elementor-clearfix\">\n\t\t\t\t<p>Wir haben finanzielle Unterst\u00fctzung f\u00fcr die Modernisierung der Galerie erhalten. <\/p>\n\t\t\t\t\t<\/div>\n\t\t\t\t\t\t<\/div>\n\t\t\t\t<\/div>\n\t\t\t\t<div class=\"elementor-element elementor-element-3a98817 elementor-position-left elementor-view-default elementor-mobile-position-top elementor-vertical-align-top elementor-widget elementor-widget-icon-box\" data-id=\"3a98817\" data-element_type=\"widget\" data-widget_type=\"icon-box.default\">\n\t\t\t\t<div class=\"elementor-widget-container\">\n\t\t\t\t\t<div class=\"elementor-icon-box-wrapper\">\n\t\t\t\t\t\t<div class=\"elementor-icon-box-icon\">\n\t\t\t\t<span class=\"elementor-icon elementor-animation-\" >\n\t\t\t\t<svg xmlns=\"http:\/\/www.w3.org\/2000\/svg\" width=\"13\" height=\"13\" viewBox=\"0 0 13 13\" fill=\"none\"><rect y=\"4\" width=\"13\" height=\"5\" fill=\"white\"><\/rect><rect x=\"9\" width=\"13\" height=\"5\" transform=\"rotate(90 9 0)\" fill=\"white\"><\/rect><\/svg>\t\t\t\t<\/span>\n\t\t\t<\/div>\n\t\t\t\t\t\t<div class=\"elementor-icon-box-content\">\n\t\t\t\t<p class=\"elementor-icon-box-title\">\n\t\t\t\t\t<span  >\n\t\t\t\t\t\tWir erschlie\u00dfen f\u00fcr Sie bisher ungenutzte Fl\u00e4chen.\t\t\t\t\t<\/span>\n\t\t\t\t<\/p>\n\t\t\t\t\t\t\t<\/div>\n\t\t<\/div>\n\t\t\t\t<\/div>\n\t\t\t\t<\/div>\n\t\t\t\t<div class=\"elementor-element elementor-element-d9e5d4d elementor-position-left elementor-view-default elementor-mobile-position-top elementor-vertical-align-top elementor-widget elementor-widget-icon-box\" data-id=\"d9e5d4d\" data-element_type=\"widget\" data-widget_type=\"icon-box.default\">\n\t\t\t\t<div class=\"elementor-widget-container\">\n\t\t\t\t\t<div class=\"elementor-icon-box-wrapper\">\n\t\t\t\t\t\t<div class=\"elementor-icon-box-icon\">\n\t\t\t\t<span class=\"elementor-icon elementor-animation-\" >\n\t\t\t\t<svg xmlns=\"http:\/\/www.w3.org\/2000\/svg\" width=\"13\" height=\"13\" viewBox=\"0 0 13 13\" fill=\"none\"><rect y=\"4\" width=\"13\" height=\"5\" fill=\"white\"><\/rect><rect x=\"9\" width=\"13\" height=\"5\" transform=\"rotate(90 9 0)\" fill=\"white\"><\/rect><\/svg>\t\t\t\t<\/span>\n\t\t\t<\/div>\n\t\t\t\t\t\t<div class=\"elementor-icon-box-content\">\n\t\t\t\t<p class=\"elementor-icon-box-title\">\n\t\t\t\t\t<span  >\n\t\t\t\t\t\tDer Autor des architektonischen Entwurfs der Rekonstruktion ist das Br\u00fcnner Atelier Kuba &amp; Pila\u0159 architekti.\t\t\t\t\t<\/span>\n\t\t\t\t<\/p>\n\t\t\t\t\t\t\t<\/div>\n\t\t<\/div>\n\t\t\t\t<\/div>\n\t\t\t\t<\/div>\n\t\t\t\t<div class=\"elementor-element elementor-element-4e17f9c elementor-absolute sipka elementor-hidden-desktop elementor-hidden-tablet elementor-hidden-mobile elementor-widget elementor-widget-text-editor\" data-id=\"4e17f9c\" data-element_type=\"widget\" data-settings=\"{&quot;_position&quot;:&quot;absolute&quot;,&quot;_ob_postman_use&quot;:&quot;no&quot;}\" data-widget_type=\"text-editor.default\">\n\t\t\t\t<div class=\"elementor-widget-container\">\n\t\t\t\t\t\t\t\t<div class=\"elementor-text-editor elementor-clearfix\">\n\t\t\t\t<p>&gt;<\/p>\n\t\t\t\t\t<\/div>\n\t\t\t\t\t\t<\/div>\n\t\t\t\t<\/div>\n\t\t\t\t\t\t<\/div>\n\t\t\t\t\t<\/div>\n\t\t<\/div>\n\t\t\t\t\t\t\t\t<\/div>\n\t\t\t\t\t<\/div>\n\t\t<\/section>\n\t\t\t\t\t\t<\/div>\n\t\t\t\t\t<\/div>\n\t\t<\/div>\n\t\t\t\t\t\t\t\t<\/div>\n\t\t\t\t\t<\/div>\n\t\t<\/section>\n\t\t\t\t\t\t\t\t\t<\/div>\n\t\t\t<\/div>\n\t\t\t\t\t<\/div>\n\t\t","protected":false},"excerpt":{"rendered":"<p>9 Januar Freitag \/ 8:00 GALERIE F\u00dcR KINDER LOREM IPSUM DOLOR SIT AMET Lorem ipsum dolor sit amet, consectetuer adipiscing elit. Integer und sapien. Cum sociis natoque penatibus e. 18 [&hellip;]<\/p>\n","protected":false},"author":3,"featured_media":0,"parent":0,"menu_order":0,"comment_status":"closed","ping_status":"closed","template":"","meta":{"inline_featured_image":false,"footnotes":""},"acf":[],"yoast_head":"<!-- This site is optimized with the Yoast SEO plugin v21.4 - https:\/\/yoast.com\/wordpress\/plugins\/seo\/ -->\n<title>Stadtgalerie Litomy\u0161l - M\u011bstsk\u00e1 galerie Litomy\u0161l<\/title>\n<meta name=\"robots\" content=\"index, follow, max-snippet:-1, max-image-preview:large, max-video-preview:-1\" \/>\n<link rel=\"canonical\" href=\"https:\/\/www.galerie.litomysl.cz\/de\/stadtgalerie-litomysl\/\" \/>\n<meta property=\"og:locale\" content=\"de_DE\" \/>\n<meta property=\"og:type\" content=\"article\" \/>\n<meta property=\"og:title\" content=\"Stadtgalerie Litomy\u0161l - M\u011bstsk\u00e1 galerie Litomy\u0161l\" \/>\n<meta property=\"og:description\" content=\"9 Januar Freitag \/ 8:00 GALERIE F\u00dcR KINDER LOREM IPSUM DOLOR SIT AMET Lorem ipsum dolor sit amet, consectetuer adipiscing elit. Integer und sapien. Cum sociis natoque penatibus e. 18 [&hellip;]\" \/>\n<meta property=\"og:url\" content=\"https:\/\/www.galerie.litomysl.cz\/de\/stadtgalerie-litomysl\/\" \/>\n<meta property=\"og:site_name\" content=\"M\u011bstsk\u00e1 galerie Litomy\u0161l\" \/>\n<meta property=\"article:modified_time\" content=\"2024-03-11T09:14:38+00:00\" \/>\n<meta name=\"twitter:card\" content=\"summary_large_image\" \/>\n<meta name=\"twitter:label1\" content=\"Gesch\u00e4tzte Lesezeit\" \/>\n\t<meta name=\"twitter:data1\" content=\"1\u00a0Minute\" \/>\n<script type=\"application\/ld+json\" class=\"yoast-schema-graph\">{\"@context\":\"https:\/\/schema.org\",\"@graph\":[{\"@type\":\"WebPage\",\"@id\":\"https:\/\/www.galerie.litomysl.cz\/de\/stadtgalerie-litomysl\/\",\"url\":\"https:\/\/www.galerie.litomysl.cz\/de\/stadtgalerie-litomysl\/\",\"name\":\"Stadtgalerie Litomy\u0161l - M\u011bstsk\u00e1 galerie Litomy\u0161l\",\"isPartOf\":{\"@id\":\"https:\/\/www.galerie.litomysl.cz\/#website\"},\"datePublished\":\"2023-11-27T10:58:08+00:00\",\"dateModified\":\"2024-03-11T09:14:38+00:00\",\"breadcrumb\":{\"@id\":\"https:\/\/www.galerie.litomysl.cz\/de\/stadtgalerie-litomysl\/#breadcrumb\"},\"inLanguage\":\"de\",\"potentialAction\":[{\"@type\":\"ReadAction\",\"target\":[\"https:\/\/www.galerie.litomysl.cz\/de\/stadtgalerie-litomysl\/\"]}]},{\"@type\":\"BreadcrumbList\",\"@id\":\"https:\/\/www.galerie.litomysl.cz\/de\/stadtgalerie-litomysl\/#breadcrumb\",\"itemListElement\":[{\"@type\":\"ListItem\",\"position\":1,\"name\":\"Dom\u016f\",\"item\":\"https:\/\/www.galerie.litomysl.cz\/de\/\"},{\"@type\":\"ListItem\",\"position\":2,\"name\":\"Stadtgalerie Litomy\u0161l\"}]},{\"@type\":\"WebSite\",\"@id\":\"https:\/\/www.galerie.litomysl.cz\/#website\",\"url\":\"https:\/\/www.galerie.litomysl.cz\/\",\"name\":\"M\u011bstsk\u00e1 galerie Litomy\u0161l\",\"description\":\"\",\"publisher\":{\"@id\":\"https:\/\/www.galerie.litomysl.cz\/#organization\"},\"potentialAction\":[{\"@type\":\"SearchAction\",\"target\":{\"@type\":\"EntryPoint\",\"urlTemplate\":\"https:\/\/www.galerie.litomysl.cz\/?s={search_term_string}\"},\"query-input\":\"required name=search_term_string\"}],\"inLanguage\":\"de\"},{\"@type\":\"Organization\",\"@id\":\"https:\/\/www.galerie.litomysl.cz\/#organization\",\"name\":\"M\u011bstsk\u00e1 galerie Litomy\u0161l\",\"url\":\"https:\/\/www.galerie.litomysl.cz\/\",\"logo\":{\"@type\":\"ImageObject\",\"inLanguage\":\"de\",\"@id\":\"https:\/\/www.galerie.litomysl.cz\/#\/schema\/logo\/image\/\",\"url\":\"https:\/\/www.galerie.litomysl.cz\/wp-content\/uploads\/MGL-logo-c..svg\",\"contentUrl\":\"https:\/\/www.galerie.litomysl.cz\/wp-content\/uploads\/MGL-logo-c..svg\",\"width\":212,\"height\":136,\"caption\":\"M\u011bstsk\u00e1 galerie Litomy\u0161l\"},\"image\":{\"@id\":\"https:\/\/www.galerie.litomysl.cz\/#\/schema\/logo\/image\/\"}}]}<\/script>\n<!-- \/ Yoast SEO plugin. -->","yoast_head_json":{"title":"Stadtgalerie Litomy\u0161l - M\u011bstsk\u00e1 galerie Litomy\u0161l","robots":{"index":"index","follow":"follow","max-snippet":"max-snippet:-1","max-image-preview":"max-image-preview:large","max-video-preview":"max-video-preview:-1"},"canonical":"https:\/\/www.galerie.litomysl.cz\/de\/stadtgalerie-litomysl\/","og_locale":"de_DE","og_type":"article","og_title":"Stadtgalerie Litomy\u0161l - M\u011bstsk\u00e1 galerie Litomy\u0161l","og_description":"9 Januar Freitag \/ 8:00 GALERIE F\u00dcR KINDER LOREM IPSUM DOLOR SIT AMET Lorem ipsum dolor sit amet, consectetuer adipiscing elit. Integer und sapien. Cum sociis natoque penatibus e. 18 [&hellip;]","og_url":"https:\/\/www.galerie.litomysl.cz\/de\/stadtgalerie-litomysl\/","og_site_name":"M\u011bstsk\u00e1 galerie Litomy\u0161l","article_modified_time":"2024-03-11T09:14:38+00:00","twitter_card":"summary_large_image","twitter_misc":{"Gesch\u00e4tzte Lesezeit":"1\u00a0Minute"},"schema":{"@context":"https:\/\/schema.org","@graph":[{"@type":"WebPage","@id":"https:\/\/www.galerie.litomysl.cz\/de\/stadtgalerie-litomysl\/","url":"https:\/\/www.galerie.litomysl.cz\/de\/stadtgalerie-litomysl\/","name":"Stadtgalerie Litomy\u0161l - M\u011bstsk\u00e1 galerie Litomy\u0161l","isPartOf":{"@id":"https:\/\/www.galerie.litomysl.cz\/#website"},"datePublished":"2023-11-27T10:58:08+00:00","dateModified":"2024-03-11T09:14:38+00:00","breadcrumb":{"@id":"https:\/\/www.galerie.litomysl.cz\/de\/stadtgalerie-litomysl\/#breadcrumb"},"inLanguage":"de","potentialAction":[{"@type":"ReadAction","target":["https:\/\/www.galerie.litomysl.cz\/de\/stadtgalerie-litomysl\/"]}]},{"@type":"BreadcrumbList","@id":"https:\/\/www.galerie.litomysl.cz\/de\/stadtgalerie-litomysl\/#breadcrumb","itemListElement":[{"@type":"ListItem","position":1,"name":"Dom\u016f","item":"https:\/\/www.galerie.litomysl.cz\/de\/"},{"@type":"ListItem","position":2,"name":"Stadtgalerie Litomy\u0161l"}]},{"@type":"WebSite","@id":"https:\/\/www.galerie.litomysl.cz\/#website","url":"https:\/\/www.galerie.litomysl.cz\/","name":"M\u011bstsk\u00e1 galerie Litomy\u0161l","description":"","publisher":{"@id":"https:\/\/www.galerie.litomysl.cz\/#organization"},"potentialAction":[{"@type":"SearchAction","target":{"@type":"EntryPoint","urlTemplate":"https:\/\/www.galerie.litomysl.cz\/?s={search_term_string}"},"query-input":"required name=search_term_string"}],"inLanguage":"de"},{"@type":"Organization","@id":"https:\/\/www.galerie.litomysl.cz\/#organization","name":"M\u011bstsk\u00e1 galerie Litomy\u0161l","url":"https:\/\/www.galerie.litomysl.cz\/","logo":{"@type":"ImageObject","inLanguage":"de","@id":"https:\/\/www.galerie.litomysl.cz\/#\/schema\/logo\/image\/","url":"https:\/\/www.galerie.litomysl.cz\/wp-content\/uploads\/MGL-logo-c..svg","contentUrl":"https:\/\/www.galerie.litomysl.cz\/wp-content\/uploads\/MGL-logo-c..svg","width":212,"height":136,"caption":"M\u011bstsk\u00e1 galerie Litomy\u0161l"},"image":{"@id":"https:\/\/www.galerie.litomysl.cz\/#\/schema\/logo\/image\/"}}]}},"_links":{"self":[{"href":"https:\/\/www.galerie.litomysl.cz\/de\/wp-json\/wp\/v2\/pages\/8330"}],"collection":[{"href":"https:\/\/www.galerie.litomysl.cz\/de\/wp-json\/wp\/v2\/pages"}],"about":[{"href":"https:\/\/www.galerie.litomysl.cz\/de\/wp-json\/wp\/v2\/types\/page"}],"author":[{"embeddable":true,"href":"https:\/\/www.galerie.litomysl.cz\/de\/wp-json\/wp\/v2\/users\/3"}],"replies":[{"embeddable":true,"href":"https:\/\/www.galerie.litomysl.cz\/de\/wp-json\/wp\/v2\/comments?post=8330"}],"version-history":[{"count":7,"href":"https:\/\/www.galerie.litomysl.cz\/de\/wp-json\/wp\/v2\/pages\/8330\/revisions"}],"predecessor-version":[{"id":11032,"href":"https:\/\/www.galerie.litomysl.cz\/de\/wp-json\/wp\/v2\/pages\/8330\/revisions\/11032"}],"wp:attachment":[{"href":"https:\/\/www.galerie.litomysl.cz\/de\/wp-json\/wp\/v2\/media?parent=8330"}],"curies":[{"name":"wp","href":"https:\/\/api.w.org\/{rel}","templated":true}]}}