{"id":8328,"date":"2023-11-27T11:32:00","date_gmt":"2023-11-27T10:32:00","guid":{"rendered":"https:\/\/www.galerie.litomysl.cz\/kriminacht-2022\/"},"modified":"2023-12-05T09:07:51","modified_gmt":"2023-12-05T08:07:51","slug":"kriminacht-2022","status":"publish","type":"page","link":"https:\/\/www.galerie.litomysl.cz\/de\/kriminacht-2022\/","title":{"rendered":"KRIMINACHT 2022"},"content":{"rendered":"\n<h2 class=\"wp-block-heading\">KRIMNACHT 2022<\/h2>\n\n<p><br\/>Bei der zweiten KRIMINACHT in Litomy\u0161l waren vier tschechische Krimiautoren zu Gast &#8211; Krist\u00fdna Trpkov\u00e1, Jitka Ludv\u00edkov\u00e1, Franti\u0161ek Niedel und Michal S\u00fdkora.<br\/>Die Organisatoren des Projekts (Stadtgalerie Litomy\u0161l und Stadtbibliothek Litomy\u0161l) bedanken sich bei Caf\u00e9 Dvorek, Bobo Caf\u00e9 und der Stadtpolizei Litomy\u0161l.<\/p>\n\n<figure class=\"wp-block-gallery has-nested-images columns-default is-cropped wp-block-gallery-1 is-layout-flex wp-block-gallery-is-layout-flex\">\n<figure class=\"wp-block-image size-large\"><img loading=\"lazy\" decoding=\"async\" width=\"1620\" height=\"1080\" data-id=\"5646\" src=\"https:\/\/www.galerie.litomysl.cz\/wp-content\/uploads\/TJFOTO-79-scaled.jpg\" alt=\"\" class=\"wp-image-5646\" srcset=\"https:\/\/www.galerie.litomysl.cz\/wp-content\/uploads\/TJFOTO-79-scaled.jpg 1620w, https:\/\/www.galerie.litomysl.cz\/wp-content\/uploads\/TJFOTO-79-300x200.jpg 300w, https:\/\/www.galerie.litomysl.cz\/wp-content\/uploads\/TJFOTO-79-1024x683.jpg 1024w, https:\/\/www.galerie.litomysl.cz\/wp-content\/uploads\/TJFOTO-79-768x512.jpg 768w, https:\/\/www.galerie.litomysl.cz\/wp-content\/uploads\/TJFOTO-79-1536x1024.jpg 1536w, https:\/\/www.galerie.litomysl.cz\/wp-content\/uploads\/TJFOTO-79-2048x1365.jpg 2048w\" sizes=\"(max-width: 1620px) 100vw, 1620px\" \/><figcaption>Autorenlesung von Michal S\u00fdkora<\/figcaption><\/figure>\n\n\n\n<figure class=\"wp-block-image size-large\"><img loading=\"lazy\" decoding=\"async\" width=\"1620\" height=\"1080\" data-id=\"5643\" src=\"https:\/\/www.galerie.litomysl.cz\/wp-content\/uploads\/TJFOTO-69-scaled.jpg\" alt=\"\" class=\"wp-image-5643\" srcset=\"https:\/\/www.galerie.litomysl.cz\/wp-content\/uploads\/TJFOTO-69-scaled.jpg 1620w, https:\/\/www.galerie.litomysl.cz\/wp-content\/uploads\/TJFOTO-69-300x200.jpg 300w, https:\/\/www.galerie.litomysl.cz\/wp-content\/uploads\/TJFOTO-69-1024x683.jpg 1024w, https:\/\/www.galerie.litomysl.cz\/wp-content\/uploads\/TJFOTO-69-768x512.jpg 768w, https:\/\/www.galerie.litomysl.cz\/wp-content\/uploads\/TJFOTO-69-1536x1024.jpg 1536w, https:\/\/www.galerie.litomysl.cz\/wp-content\/uploads\/TJFOTO-69-2048x1365.jpg 2048w\" sizes=\"(max-width: 1620px) 100vw, 1620px\" \/><figcaption>Petr S\u00fdkora im Gespr\u00e4ch mit Iva Peknikova<\/figcaption><\/figure>\n\n\n\n<figure class=\"wp-block-image size-large\"><img loading=\"lazy\" decoding=\"async\" width=\"1620\" height=\"1080\" data-id=\"5640\" src=\"https:\/\/www.galerie.litomysl.cz\/wp-content\/uploads\/TJFOTO-67-scaled.jpg\" alt=\"\" class=\"wp-image-5640\" srcset=\"https:\/\/www.galerie.litomysl.cz\/wp-content\/uploads\/TJFOTO-67-scaled.jpg 1620w, https:\/\/www.galerie.litomysl.cz\/wp-content\/uploads\/TJFOTO-67-300x200.jpg 300w, https:\/\/www.galerie.litomysl.cz\/wp-content\/uploads\/TJFOTO-67-1024x683.jpg 1024w, https:\/\/www.galerie.litomysl.cz\/wp-content\/uploads\/TJFOTO-67-768x512.jpg 768w, https:\/\/www.galerie.litomysl.cz\/wp-content\/uploads\/TJFOTO-67-1536x1024.jpg 1536w, https:\/\/www.galerie.litomysl.cz\/wp-content\/uploads\/TJFOTO-67-2048x1365.jpg 2048w\" sizes=\"(max-width: 1620px) 100vw, 1620px\" \/><figcaption>Autorenlesung von Michal S\u00fdkora im Rathaus-Innenhof<\/figcaption><\/figure>\n\n\n\n<figure class=\"wp-block-image size-large\"><img loading=\"lazy\" decoding=\"async\" width=\"1620\" height=\"1080\" data-id=\"5637\" src=\"https:\/\/www.galerie.litomysl.cz\/wp-content\/uploads\/TJFOTO-65-scaled.jpg\" alt=\"\" class=\"wp-image-5637\" srcset=\"https:\/\/www.galerie.litomysl.cz\/wp-content\/uploads\/TJFOTO-65-scaled.jpg 1620w, https:\/\/www.galerie.litomysl.cz\/wp-content\/uploads\/TJFOTO-65-300x200.jpg 300w, https:\/\/www.galerie.litomysl.cz\/wp-content\/uploads\/TJFOTO-65-1024x683.jpg 1024w, https:\/\/www.galerie.litomysl.cz\/wp-content\/uploads\/TJFOTO-65-768x512.jpg 768w, https:\/\/www.galerie.litomysl.cz\/wp-content\/uploads\/TJFOTO-65-1536x1024.jpg 1536w, https:\/\/www.galerie.litomysl.cz\/wp-content\/uploads\/TJFOTO-65-2048x1365.jpg 2048w\" sizes=\"(max-width: 1620px) 100vw, 1620px\" \/><figcaption>4 Lesungen\/ 4 Pl\u00e4tze<\/figcaption><\/figure>\n\n\n\n<figure class=\"wp-block-image size-large\"><img loading=\"lazy\" decoding=\"async\" width=\"1620\" height=\"1080\" data-id=\"5634\" src=\"https:\/\/www.galerie.litomysl.cz\/wp-content\/uploads\/TJFOTO-54-scaled.jpg\" alt=\"\" class=\"wp-image-5634\" srcset=\"https:\/\/www.galerie.litomysl.cz\/wp-content\/uploads\/TJFOTO-54-scaled.jpg 1620w, https:\/\/www.galerie.litomysl.cz\/wp-content\/uploads\/TJFOTO-54-300x200.jpg 300w, https:\/\/www.galerie.litomysl.cz\/wp-content\/uploads\/TJFOTO-54-1024x683.jpg 1024w, https:\/\/www.galerie.litomysl.cz\/wp-content\/uploads\/TJFOTO-54-768x512.jpg 768w, https:\/\/www.galerie.litomysl.cz\/wp-content\/uploads\/TJFOTO-54-1536x1024.jpg 1536w, https:\/\/www.galerie.litomysl.cz\/wp-content\/uploads\/TJFOTO-54-2048x1365.jpg 2048w\" sizes=\"(max-width: 1620px) 100vw, 1620px\" \/><figcaption>Lesung von Jitka Ludv\u00edkov\u00e1 im Hinterhof der Stadtpolizei<\/figcaption><\/figure>\n\n\n\n<figure class=\"wp-block-image size-large\"><img loading=\"lazy\" decoding=\"async\" width=\"1620\" height=\"1080\" data-id=\"5631\" src=\"https:\/\/www.galerie.litomysl.cz\/wp-content\/uploads\/TJFOTO-48-scaled.jpg\" alt=\"\" class=\"wp-image-5631\" srcset=\"https:\/\/www.galerie.litomysl.cz\/wp-content\/uploads\/TJFOTO-48-scaled.jpg 1620w, https:\/\/www.galerie.litomysl.cz\/wp-content\/uploads\/TJFOTO-48-300x200.jpg 300w, https:\/\/www.galerie.litomysl.cz\/wp-content\/uploads\/TJFOTO-48-1024x683.jpg 1024w, https:\/\/www.galerie.litomysl.cz\/wp-content\/uploads\/TJFOTO-48-768x512.jpg 768w, https:\/\/www.galerie.litomysl.cz\/wp-content\/uploads\/TJFOTO-48-1536x1024.jpg 1536w, https:\/\/www.galerie.litomysl.cz\/wp-content\/uploads\/TJFOTO-48-2048x1365.jpg 2048w\" sizes=\"(max-width: 1620px) 100vw, 1620px\" \/><figcaption>Michal S\u00fdkora auf dem Polizeigel\u00e4nde<\/figcaption><\/figure>\n\n\n\n<figure class=\"wp-block-image size-large\"><img loading=\"lazy\" decoding=\"async\" width=\"1620\" height=\"1080\" data-id=\"5628\" src=\"https:\/\/www.galerie.litomysl.cz\/wp-content\/uploads\/TJFOTO-29-scaled.jpg\" alt=\"\" class=\"wp-image-5628\" srcset=\"https:\/\/www.galerie.litomysl.cz\/wp-content\/uploads\/TJFOTO-29-scaled.jpg 1620w, https:\/\/www.galerie.litomysl.cz\/wp-content\/uploads\/TJFOTO-29-300x200.jpg 300w, https:\/\/www.galerie.litomysl.cz\/wp-content\/uploads\/TJFOTO-29-1024x683.jpg 1024w, https:\/\/www.galerie.litomysl.cz\/wp-content\/uploads\/TJFOTO-29-768x512.jpg 768w, https:\/\/www.galerie.litomysl.cz\/wp-content\/uploads\/TJFOTO-29-1536x1024.jpg 1536w, https:\/\/www.galerie.litomysl.cz\/wp-content\/uploads\/TJFOTO-29-2048x1365.jpg 2048w\" sizes=\"(max-width: 1620px) 100vw, 1620px\" \/><figcaption>Autorenlesung von Franti\u0161ek Niedel im Bobo Caf\u00e9<\/figcaption><\/figure>\n\n\n\n<figure class=\"wp-block-image size-large\"><img loading=\"lazy\" decoding=\"async\" width=\"1620\" height=\"1080\" data-id=\"5625\" src=\"https:\/\/www.galerie.litomysl.cz\/wp-content\/uploads\/TJFOTO-17-1-scaled.jpg\" alt=\"\" class=\"wp-image-5625\" srcset=\"https:\/\/www.galerie.litomysl.cz\/wp-content\/uploads\/TJFOTO-17-1-scaled.jpg 1620w, https:\/\/www.galerie.litomysl.cz\/wp-content\/uploads\/TJFOTO-17-1-300x200.jpg 300w, https:\/\/www.galerie.litomysl.cz\/wp-content\/uploads\/TJFOTO-17-1-1024x683.jpg 1024w, https:\/\/www.galerie.litomysl.cz\/wp-content\/uploads\/TJFOTO-17-1-768x512.jpg 768w, https:\/\/www.galerie.litomysl.cz\/wp-content\/uploads\/TJFOTO-17-1-1536x1024.jpg 1536w, https:\/\/www.galerie.litomysl.cz\/wp-content\/uploads\/TJFOTO-17-1-2048x1365.jpg 2048w\" sizes=\"(max-width: 1620px) 100vw, 1620px\" \/><figcaption>Caf\u00e9 Dvorek<\/figcaption><\/figure>\n\n\n\n<figure class=\"wp-block-image size-large\"><img loading=\"lazy\" decoding=\"async\" width=\"1620\" height=\"1080\" data-id=\"5622\" src=\"https:\/\/www.galerie.litomysl.cz\/wp-content\/uploads\/TJFOTO-16-scaled.jpg\" alt=\"\" class=\"wp-image-5622\" srcset=\"https:\/\/www.galerie.litomysl.cz\/wp-content\/uploads\/TJFOTO-16-scaled.jpg 1620w, https:\/\/www.galerie.litomysl.cz\/wp-content\/uploads\/TJFOTO-16-300x200.jpg 300w, https:\/\/www.galerie.litomysl.cz\/wp-content\/uploads\/TJFOTO-16-1024x683.jpg 1024w, https:\/\/www.galerie.litomysl.cz\/wp-content\/uploads\/TJFOTO-16-768x512.jpg 768w, https:\/\/www.galerie.litomysl.cz\/wp-content\/uploads\/TJFOTO-16-1536x1024.jpg 1536w, https:\/\/www.galerie.litomysl.cz\/wp-content\/uploads\/TJFOTO-16-2048x1365.jpg 2048w\" sizes=\"(max-width: 1620px) 100vw, 1620px\" \/><figcaption>Autorin Krist\u00fdna Trpkov\u00e1<\/figcaption><\/figure>\n\n\n\n<figure class=\"wp-block-image size-large\"><img loading=\"lazy\" decoding=\"async\" width=\"1620\" height=\"1080\" data-id=\"5619\" src=\"https:\/\/www.galerie.litomysl.cz\/wp-content\/uploads\/TJFOTO-11-1-scaled.jpg\" alt=\"\" class=\"wp-image-5619\" srcset=\"https:\/\/www.galerie.litomysl.cz\/wp-content\/uploads\/TJFOTO-11-1-scaled.jpg 1620w, https:\/\/www.galerie.litomysl.cz\/wp-content\/uploads\/TJFOTO-11-1-300x200.jpg 300w, https:\/\/www.galerie.litomysl.cz\/wp-content\/uploads\/TJFOTO-11-1-1024x683.jpg 1024w, https:\/\/www.galerie.litomysl.cz\/wp-content\/uploads\/TJFOTO-11-1-768x512.jpg 768w, https:\/\/www.galerie.litomysl.cz\/wp-content\/uploads\/TJFOTO-11-1-1536x1024.jpg 1536w, https:\/\/www.galerie.litomysl.cz\/wp-content\/uploads\/TJFOTO-11-1-2048x1365.jpg 2048w\" sizes=\"(max-width: 1620px) 100vw, 1620px\" \/><figcaption>Autorenlesung von Krist\u00fdna Trpkov\u00e1<\/figcaption><\/figure>\n\n\n\n<figure class=\"wp-block-image size-large\"><img loading=\"lazy\" decoding=\"async\" width=\"1620\" height=\"1080\" data-id=\"5616\" src=\"https:\/\/www.galerie.litomysl.cz\/wp-content\/uploads\/TJFOTO-scaled.jpg\" alt=\"\" class=\"wp-image-5616\" srcset=\"https:\/\/www.galerie.litomysl.cz\/wp-content\/uploads\/TJFOTO-scaled.jpg 1620w, https:\/\/www.galerie.litomysl.cz\/wp-content\/uploads\/TJFOTO-300x200.jpg 300w, https:\/\/www.galerie.litomysl.cz\/wp-content\/uploads\/TJFOTO-1024x683.jpg 1024w, https:\/\/www.galerie.litomysl.cz\/wp-content\/uploads\/TJFOTO-768x512.jpg 768w, https:\/\/www.galerie.litomysl.cz\/wp-content\/uploads\/TJFOTO-1536x1024.jpg 1536w, https:\/\/www.galerie.litomysl.cz\/wp-content\/uploads\/TJFOTO-2048x1365.jpg 2048w\" sizes=\"(max-width: 1620px) 100vw, 1620px\" \/><figcaption>Kriminacht 2022\/ Caf\u00e9 Dvorek<\/figcaption><\/figure>\n\n\n\n<figure class=\"wp-block-image size-large\"><img loading=\"lazy\" decoding=\"async\" width=\"1620\" height=\"1080\" data-id=\"5613\" src=\"https:\/\/www.galerie.litomysl.cz\/wp-content\/uploads\/TJFOTO-4-scaled.jpg\" alt=\"\" class=\"wp-image-5613\" srcset=\"https:\/\/www.galerie.litomysl.cz\/wp-content\/uploads\/TJFOTO-4-scaled.jpg 1620w, https:\/\/www.galerie.litomysl.cz\/wp-content\/uploads\/TJFOTO-4-300x200.jpg 300w, https:\/\/www.galerie.litomysl.cz\/wp-content\/uploads\/TJFOTO-4-1024x683.jpg 1024w, https:\/\/www.galerie.litomysl.cz\/wp-content\/uploads\/TJFOTO-4-768x512.jpg 768w, https:\/\/www.galerie.litomysl.cz\/wp-content\/uploads\/TJFOTO-4-1536x1024.jpg 1536w, https:\/\/www.galerie.litomysl.cz\/wp-content\/uploads\/TJFOTO-4-2048x1365.jpg 2048w\" sizes=\"(max-width: 1620px) 100vw, 1620px\" \/><figcaption>Kriminacht 2022\/ Caf\u00e9 Dvorek<\/figcaption><\/figure>\n<figcaption class=\"blocks-gallery-caption\">KRIMINACHT 2022<\/figcaption><\/figure>\n","protected":false},"excerpt":{"rendered":"<p>KRIMNACHT 2022 Bei der zweiten KRIMINACHT in Litomy\u0161l waren vier tschechische Krimiautoren zu Gast &#8211; Krist\u00fdna Trpkov\u00e1, Jitka Ludv\u00edkov\u00e1, Franti\u0161ek Niedel und Michal S\u00fdkora.Die Organisatoren des Projekts (Stadtgalerie Litomy\u0161l und [&hellip;]<\/p>\n","protected":false},"author":7,"featured_media":0,"parent":0,"menu_order":0,"comment_status":"closed","ping_status":"closed","template":"","meta":{"inline_featured_image":false,"footnotes":""},"acf":[],"yoast_head":"<!-- This site is optimized with the Yoast SEO plugin v21.4 - https:\/\/yoast.com\/wordpress\/plugins\/seo\/ -->\n<title>KRIMINACHT 2022 - M\u011bstsk\u00e1 galerie Litomy\u0161l<\/title>\n<meta name=\"robots\" content=\"index, follow, max-snippet:-1, max-image-preview:large, max-video-preview:-1\" \/>\n<link rel=\"canonical\" href=\"https:\/\/www.galerie.litomysl.cz\/de\/kriminacht-2022\/\" \/>\n<meta property=\"og:locale\" content=\"de_DE\" \/>\n<meta property=\"og:type\" content=\"article\" \/>\n<meta property=\"og:title\" content=\"KRIMINACHT 2022 - M\u011bstsk\u00e1 galerie Litomy\u0161l\" \/>\n<meta property=\"og:description\" content=\"KRIMNACHT 2022 Bei der zweiten KRIMINACHT in Litomy\u0161l waren vier tschechische Krimiautoren zu Gast &#8211; Krist\u00fdna Trpkov\u00e1, Jitka Ludv\u00edkov\u00e1, Franti\u0161ek Niedel und Michal S\u00fdkora.Die Organisatoren des Projekts (Stadtgalerie Litomy\u0161l und [&hellip;]\" \/>\n<meta property=\"og:url\" content=\"https:\/\/www.galerie.litomysl.cz\/de\/kriminacht-2022\/\" \/>\n<meta property=\"og:site_name\" content=\"M\u011bstsk\u00e1 galerie Litomy\u0161l\" \/>\n<meta property=\"article:modified_time\" content=\"2023-12-05T08:07:51+00:00\" \/>\n<meta property=\"og:image\" content=\"https:\/\/www.galerie.litomysl.cz\/wp-content\/uploads\/TJFOTO-79-scaled.jpg\" \/>\n<meta name=\"twitter:card\" content=\"summary_large_image\" \/>\n<meta name=\"twitter:label1\" content=\"Gesch\u00e4tzte Lesezeit\" \/>\n\t<meta name=\"twitter:data1\" content=\"1\u00a0Minute\" \/>\n<script type=\"application\/ld+json\" class=\"yoast-schema-graph\">{\"@context\":\"https:\/\/schema.org\",\"@graph\":[{\"@type\":\"WebPage\",\"@id\":\"https:\/\/www.galerie.litomysl.cz\/de\/kriminacht-2022\/\",\"url\":\"https:\/\/www.galerie.litomysl.cz\/de\/kriminacht-2022\/\",\"name\":\"KRIMINACHT 2022 - M\u011bstsk\u00e1 galerie Litomy\u0161l\",\"isPartOf\":{\"@id\":\"https:\/\/www.galerie.litomysl.cz\/#website\"},\"datePublished\":\"2023-11-27T10:32:00+00:00\",\"dateModified\":\"2023-12-05T08:07:51+00:00\",\"breadcrumb\":{\"@id\":\"https:\/\/www.galerie.litomysl.cz\/de\/kriminacht-2022\/#breadcrumb\"},\"inLanguage\":\"de\",\"potentialAction\":[{\"@type\":\"ReadAction\",\"target\":[\"https:\/\/www.galerie.litomysl.cz\/de\/kriminacht-2022\/\"]}]},{\"@type\":\"BreadcrumbList\",\"@id\":\"https:\/\/www.galerie.litomysl.cz\/de\/kriminacht-2022\/#breadcrumb\",\"itemListElement\":[{\"@type\":\"ListItem\",\"position\":1,\"name\":\"Dom\u016f\",\"item\":\"https:\/\/www.galerie.litomysl.cz\/de\/\"},{\"@type\":\"ListItem\",\"position\":2,\"name\":\"KRIMINACHT 2022\"}]},{\"@type\":\"WebSite\",\"@id\":\"https:\/\/www.galerie.litomysl.cz\/#website\",\"url\":\"https:\/\/www.galerie.litomysl.cz\/\",\"name\":\"M\u011bstsk\u00e1 galerie Litomy\u0161l\",\"description\":\"\",\"publisher\":{\"@id\":\"https:\/\/www.galerie.litomysl.cz\/#organization\"},\"potentialAction\":[{\"@type\":\"SearchAction\",\"target\":{\"@type\":\"EntryPoint\",\"urlTemplate\":\"https:\/\/www.galerie.litomysl.cz\/?s={search_term_string}\"},\"query-input\":\"required name=search_term_string\"}],\"inLanguage\":\"de\"},{\"@type\":\"Organization\",\"@id\":\"https:\/\/www.galerie.litomysl.cz\/#organization\",\"name\":\"M\u011bstsk\u00e1 galerie Litomy\u0161l\",\"url\":\"https:\/\/www.galerie.litomysl.cz\/\",\"logo\":{\"@type\":\"ImageObject\",\"inLanguage\":\"de\",\"@id\":\"https:\/\/www.galerie.litomysl.cz\/#\/schema\/logo\/image\/\",\"url\":\"https:\/\/www.galerie.litomysl.cz\/wp-content\/uploads\/MGL-logo-c..svg\",\"contentUrl\":\"https:\/\/www.galerie.litomysl.cz\/wp-content\/uploads\/MGL-logo-c..svg\",\"width\":212,\"height\":136,\"caption\":\"M\u011bstsk\u00e1 galerie Litomy\u0161l\"},\"image\":{\"@id\":\"https:\/\/www.galerie.litomysl.cz\/#\/schema\/logo\/image\/\"}}]}<\/script>\n<!-- \/ Yoast SEO plugin. -->","yoast_head_json":{"title":"KRIMINACHT 2022 - M\u011bstsk\u00e1 galerie Litomy\u0161l","robots":{"index":"index","follow":"follow","max-snippet":"max-snippet:-1","max-image-preview":"max-image-preview:large","max-video-preview":"max-video-preview:-1"},"canonical":"https:\/\/www.galerie.litomysl.cz\/de\/kriminacht-2022\/","og_locale":"de_DE","og_type":"article","og_title":"KRIMINACHT 2022 - M\u011bstsk\u00e1 galerie Litomy\u0161l","og_description":"KRIMNACHT 2022 Bei der zweiten KRIMINACHT in Litomy\u0161l waren vier tschechische Krimiautoren zu Gast &#8211; Krist\u00fdna Trpkov\u00e1, Jitka Ludv\u00edkov\u00e1, Franti\u0161ek Niedel und Michal S\u00fdkora.Die Organisatoren des Projekts (Stadtgalerie Litomy\u0161l und [&hellip;]","og_url":"https:\/\/www.galerie.litomysl.cz\/de\/kriminacht-2022\/","og_site_name":"M\u011bstsk\u00e1 galerie Litomy\u0161l","article_modified_time":"2023-12-05T08:07:51+00:00","og_image":[{"url":"https:\/\/www.galerie.litomysl.cz\/wp-content\/uploads\/TJFOTO-79-scaled.jpg"}],"twitter_card":"summary_large_image","twitter_misc":{"Gesch\u00e4tzte Lesezeit":"1\u00a0Minute"},"schema":{"@context":"https:\/\/schema.org","@graph":[{"@type":"WebPage","@id":"https:\/\/www.galerie.litomysl.cz\/de\/kriminacht-2022\/","url":"https:\/\/www.galerie.litomysl.cz\/de\/kriminacht-2022\/","name":"KRIMINACHT 2022 - M\u011bstsk\u00e1 galerie Litomy\u0161l","isPartOf":{"@id":"https:\/\/www.galerie.litomysl.cz\/#website"},"datePublished":"2023-11-27T10:32:00+00:00","dateModified":"2023-12-05T08:07:51+00:00","breadcrumb":{"@id":"https:\/\/www.galerie.litomysl.cz\/de\/kriminacht-2022\/#breadcrumb"},"inLanguage":"de","potentialAction":[{"@type":"ReadAction","target":["https:\/\/www.galerie.litomysl.cz\/de\/kriminacht-2022\/"]}]},{"@type":"BreadcrumbList","@id":"https:\/\/www.galerie.litomysl.cz\/de\/kriminacht-2022\/#breadcrumb","itemListElement":[{"@type":"ListItem","position":1,"name":"Dom\u016f","item":"https:\/\/www.galerie.litomysl.cz\/de\/"},{"@type":"ListItem","position":2,"name":"KRIMINACHT 2022"}]},{"@type":"WebSite","@id":"https:\/\/www.galerie.litomysl.cz\/#website","url":"https:\/\/www.galerie.litomysl.cz\/","name":"M\u011bstsk\u00e1 galerie Litomy\u0161l","description":"","publisher":{"@id":"https:\/\/www.galerie.litomysl.cz\/#organization"},"potentialAction":[{"@type":"SearchAction","target":{"@type":"EntryPoint","urlTemplate":"https:\/\/www.galerie.litomysl.cz\/?s={search_term_string}"},"query-input":"required name=search_term_string"}],"inLanguage":"de"},{"@type":"Organization","@id":"https:\/\/www.galerie.litomysl.cz\/#organization","name":"M\u011bstsk\u00e1 galerie Litomy\u0161l","url":"https:\/\/www.galerie.litomysl.cz\/","logo":{"@type":"ImageObject","inLanguage":"de","@id":"https:\/\/www.galerie.litomysl.cz\/#\/schema\/logo\/image\/","url":"https:\/\/www.galerie.litomysl.cz\/wp-content\/uploads\/MGL-logo-c..svg","contentUrl":"https:\/\/www.galerie.litomysl.cz\/wp-content\/uploads\/MGL-logo-c..svg","width":212,"height":136,"caption":"M\u011bstsk\u00e1 galerie Litomy\u0161l"},"image":{"@id":"https:\/\/www.galerie.litomysl.cz\/#\/schema\/logo\/image\/"}}]}},"_links":{"self":[{"href":"https:\/\/www.galerie.litomysl.cz\/de\/wp-json\/wp\/v2\/pages\/8328"}],"collection":[{"href":"https:\/\/www.galerie.litomysl.cz\/de\/wp-json\/wp\/v2\/pages"}],"about":[{"href":"https:\/\/www.galerie.litomysl.cz\/de\/wp-json\/wp\/v2\/types\/page"}],"author":[{"embeddable":true,"href":"https:\/\/www.galerie.litomysl.cz\/de\/wp-json\/wp\/v2\/users\/7"}],"replies":[{"embeddable":true,"href":"https:\/\/www.galerie.litomysl.cz\/de\/wp-json\/wp\/v2\/comments?post=8328"}],"version-history":[{"count":3,"href":"https:\/\/www.galerie.litomysl.cz\/de\/wp-json\/wp\/v2\/pages\/8328\/revisions"}],"predecessor-version":[{"id":8419,"href":"https:\/\/www.galerie.litomysl.cz\/de\/wp-json\/wp\/v2\/pages\/8328\/revisions\/8419"}],"wp:attachment":[{"href":"https:\/\/www.galerie.litomysl.cz\/de\/wp-json\/wp\/v2\/media?parent=8328"}],"curies":[{"name":"wp","href":"https:\/\/api.w.org\/{rel}","templated":true}]}}